{"id":11,"date":"2023-12-08T17:17:08","date_gmt":"2023-12-08T17:17:08","guid":{"rendered":"https:\/\/casalcatala.ca\/CAT\/?page_id=11"},"modified":"2025-10-23T06:42:47","modified_gmt":"2025-10-22T22:42:47","slug":"inici","status":"publish","type":"page","link":"https:\/\/casalcatala.ca\/CAT\/","title":{"rendered":"Inici"},"content":{"rendered":"\n<div class=\"alignnormal\"><div id=\"metaslider-id-82\" style=\"width: 100%;\" class=\"ml-slider-3-106-0 metaslider metaslider-flex metaslider-82 ml-slider has-dots-nav ms-theme-default-base\" role=\"region\" aria-label=\"New Slideshow\" data-height=\"300\" data-width=\"700\">\n    <div id=\"metaslider_container_82\">\n        <div id=\"metaslider_82\">\n            <ul class='slides'>\n                <li style=\"display: block; width: 100%;\" class=\"slide-83 ms-image \" aria-roledescription=\"slide\" data-date=\"2025-01-30 04:05:22\" data-filename=\"via-catalana-vancouver-pau-torrano-640x274.jpg\" data-slide-type=\"image\"><img loading=\"lazy\" decoding=\"async\" src=\"https:\/\/casalcatala.ca\/CAT\/wp-content\/uploads\/2025\/01\/via-catalana-vancouver-pau-torrano-640x274.jpg\" height=\"300\" width=\"700\" alt=\"\" class=\"slider-82 slide-83 msDefaultImage\" title=\"via-catalana-vancouver-pau-torrano\" \/><\/li>\n                <li style=\"display: none; width: 100%;\" class=\"slide-183 ms-image \" aria-roledescription=\"slide\" data-date=\"2025-02-02 11:16:45\" data-filename=\"castanyada_oct09_3-600x257.jpg\" data-slide-type=\"image\"><img loading=\"lazy\" decoding=\"async\" src=\"https:\/\/casalcatala.ca\/CAT\/wp-content\/uploads\/2025\/02\/castanyada_oct09_3-600x257.jpg\" height=\"300\" width=\"700\" alt=\"\" class=\"slider-82 slide-183 msDefaultImage\" title=\"castanyada_oct09_3\" \/><\/li>\n                <li style=\"display: none; width: 100%;\" class=\"slide-185 ms-image \" aria-roledescription=\"slide\" data-date=\"2025-02-02 11:17:43\" data-filename=\"canoa_confinament-700x300.jpg\" data-slide-type=\"image\"><img loading=\"lazy\" decoding=\"async\" src=\"https:\/\/casalcatala.ca\/CAT\/wp-content\/uploads\/2025\/02\/canoa_confinament-700x300.jpg\" height=\"300\" width=\"700\" alt=\"\" class=\"slider-82 slide-185 msDefaultImage\" title=\"canoa_confinament\" \/><\/li>\n                <li style=\"display: none; width: 100%;\" class=\"slide-187 ms-image \" aria-roledescription=\"slide\" data-date=\"2025-02-02 11:18:00\" data-filename=\"castanyada_oct09_4-400x171.jpg\" data-slide-type=\"image\"><img loading=\"lazy\" decoding=\"async\" src=\"https:\/\/casalcatala.ca\/CAT\/wp-content\/uploads\/2025\/02\/castanyada_oct09_4-400x171.jpg\" height=\"300\" width=\"700\" alt=\"\" class=\"slider-82 slide-187 msDefaultImage\" title=\"castanyada_oct09_4\" \/><\/li>\n            <\/ul>\n        <\/div>\n        \n    <\/div>\n<\/div><\/div>\n\n\n\n<div class=\"wp-block-columns is-layout-flex wp-container-core-columns-is-layout-9d6595d7 wp-block-columns-is-layout-flex\">\n<div class=\"wp-block-column has-background is-layout-flow wp-block-column-is-layout-flow\" style=\"background-color:#f9f6db;flex-basis:66.66%\">\n<p class=\"has-text-align-left has-vivid-red-color has-text-color has-link-color wp-elements-1d83a53919e3036d0505fb50a99f139c\"><strong>Tothom \u00e9s benvingut!<\/strong><\/p>\n\n\n\n<p class=\"has-text-align-left\">El Casal Catal\u00e0 de Vancouver \u00e9s una associaci\u00f3 sense \u00e0nim de lucre (legalment una <em>non-profit<\/em>) que t\u00e9 com a primer motiu de la seva exist\u00e8ncia el foment i la difusi\u00f3 de la cultura dels Pa\u00efsos Catalans a la British Columbia, Canad\u00e0. \u00c9s per aix\u00f2 que el Casal est\u00e0 obert a tothom que estimi i apreci\u00ef la nostra cultura. Aquest objectiu \u00e9s el resultat del desig per part de la comunitat catalana resident en aquest pa\u00eds que ens ha acollit, de mantenir les nostres arrels.<\/p>\n\n\n\n<p>El Casal ofereix informaci\u00f3 de benvinguda a la British Columbia, \u00e9s l`enlla\u00e7 amb el govern de la Generalitat pels catalans residents a BC, oferim classes de catal\u00e0 per a canalla i espai l\u00fadic en catal\u00e0 per als m\u00e9s menuts, difonem cultura catalana a Vancouver, celebrem tradicions i organitzem trobades per tal que pugueu con\u00e8ixer m\u00e9s catalans i catalanes i fer caliu.&nbsp;<\/p>\n<\/div>\n\n\n\n<div class=\"wp-block-column is-layout-flow wp-block-column-is-layout-flow\" style=\"flex-basis:33.33%\">\n<div class=\"wp-block-group\"><div class=\"wp-block-group__inner-container is-layout-constrained wp-block-group-is-layout-constrained\">\n<p class=\"has-text-align-left has-background\" style=\"background-color:#cacaca;font-size:10px\"><strong>El Casal catal\u00e0 de Vancouver forma part del llistat de comunitats catalanes a l`exterior reconegudes oficialment per la Generalitat de Catalunya. Estem incorportats a la British Columbia com a non-proficta. No tenim el estatus de <em>charity <\/em>degut als controls obligatoris, es per aix\u00f2 que no podem emetre <em>charitable tax receipts<\/em>. No cal dir que qualsevol donaci\u00f3 sera tanmateix molt benvinguda!<\/strong><\/p>\n\n\n\n<div id=\"subcriure\" class=\"wp-block-group\"><div class=\"wp-block-group__inner-container is-layout-constrained wp-block-group-is-layout-constrained\">                <div class=\"ml-embedded\" data-form=\"XzR899\"><\/div>\n            \n<\/div><\/div>\n<\/div><\/div>\n<\/div>\n<\/div>\n\n\n\n<div class=\"wp-block-group alignfull has-base-2-background-color has-background\" style=\"margin-top:0;margin-bottom:0;padding-top:var(--wp--preset--spacing--50);padding-right:var(--wp--preset--spacing--50);padding-bottom:var(--wp--preset--spacing--50);padding-left:var(--wp--preset--spacing--50)\"><div class=\"wp-block-group__inner-container is-layout-constrained wp-container-core-group-is-layout-2bafd31c wp-block-group-is-layout-constrained\">\n<p class=\"has-medium-font-size\"><strong>Activitats<\/strong><\/p>\n\n\n\n<div class=\"wp-block-group is-vertical is-content-justification-center is-layout-flex wp-container-core-group-is-layout-7681721f wp-block-group-is-layout-flex\"><div\n\t\tclass=\"free alignwide alignwide wp-block-ap-block-posts\"\tid='apbAdvancedPosts-1'\n\tdata-nonce='&quot;5a4e126294&quot;'\n\tdata-attributes='{&quot;subLayout&quot;:&quot;overlay-content&quot;,&quot;columns&quot;:{&quot;desktop&quot;:4,&quot;tablet&quot;:2,&quot;mobile&quot;:1},&quot;selectedCategories&quot;:[9,10,8,1],&quot;postsPerPage&quot;:4,&quot;contentBG&quot;:{&quot;color&quot;:&quot;#000000b3&quot;,&quot;styles&quot;:&quot;background-color: #000000b3;&quot;},&quot;titleTypo&quot;:{&quot;fontFamily&quot;:&quot;Roboto&quot;,&quot;fontSize&quot;:{&quot;desktop&quot;:14,&quot;tablet&quot;:22,&quot;mobile&quot;:20},&quot;googleFontLink&quot;:&quot;https:\\\/\\\/fonts.googleapis.com\\\/css2?family=Roboto&amp;display=swap&quot;},&quot;titleColor&quot;:&quot;#ccc0f0&quot;,&quot;isMetaAuthor&quot;:false,&quot;isMetaDate&quot;:false,&quot;metaTextColor&quot;:&quot;#fff&quot;,&quot;metaLinkColor&quot;:&quot;#e0d0f0&quot;,&quot;metaIconColor&quot;:&quot;#ccc0f0&quot;,&quot;isExcerptFromContent&quot;:true,&quot;excerptLength&quot;:12,&quot;excerptTypo&quot;:{&quot;fontSize&quot;:{&quot;desktop&quot;:12,&quot;tablet&quot;:15,&quot;mobile&quot;:15}},&quot;excerptColor&quot;:&quot;#fff&quot;,&quot;readMoreLabel&quot;:&quot;M\\u00e9s...&quot;,&quot;readMoreTypo&quot;:{&quot;fontSize&quot;:{&quot;desktop&quot;:10,&quot;tablet&quot;:14,&quot;mobile&quot;:14},&quot;textTransform&quot;:&quot;uppercase&quot;,&quot;fontWeight&quot;:600},&quot;align&quot;:&quot;wide&quot;,&quot;layout&quot;:&quot;&quot;,&quot;columnGap&quot;:15,&quot;rowGap&quot;:15,&quot;isContentEqualHight&quot;:true,&quot;sliderHeight&quot;:&quot;350px&quot;,&quot;content&quot;:{&quot;height&quot;:&quot;auto&quot;},&quot;postType&quot;:&quot;post&quot;,&quot;selectedTaxonomies&quot;:[],&quot;selectedTags&quot;:[],&quot;isPostsPerPageAll&quot;:false,&quot;postsOrderBy&quot;:&quot;date&quot;,&quot;postsOrder&quot;:&quot;desc&quot;,&quot;postsOffset&quot;:0,&quot;postsInclude&quot;:[],&quot;postsExclude&quot;:[],&quot;isExcludeCurrent&quot;:false,&quot;isPagination&quot;:false,&quot;paginationPrevLabel&quot;:&quot;Prev&quot;,&quot;paginationNextLabel&quot;:&quot;Next&quot;,&quot;paginationColors&quot;:{&quot;color&quot;:&quot;#fff&quot;,&quot;bg&quot;:&quot;#146EF5&quot;},&quot;paginationHovColors&quot;:{&quot;color&quot;:&quot;#fff&quot;,&quot;bg&quot;:&quot;#070127&quot;},&quot;paginationPadding&quot;:{&quot;vertical&quot;:&quot;8px&quot;,&quot;horizontal&quot;:&quot;15px&quot;},&quot;paginationSpacing&quot;:&quot;15px&quot;,&quot;loadMore&quot;:{&quot;type&quot;:&quot;&quot;,&quot;alignment&quot;:&quot;center&quot;,&quot;scrollTop&quot;:{&quot;enabled&quot;:false,&quot;offset&quot;:50},&quot;infinityScroll&quot;:{&quot;offset&quot;:-100,&quot;spinner&quot;:true,&quot;label&quot;:&quot;Loading...&quot;},&quot;button&quot;:{&quot;label&quot;:&quot;Load More&quot;}},&quot;contentAlign&quot;:&quot;left&quot;,&quot;contentPadding&quot;:{&quot;vertical&quot;:&quot;20px&quot;,&quot;horizontal&quot;:&quot;25px&quot;},&quot;border&quot;:{&quot;width&quot;:&quot;1px&quot;,&quot;color&quot;:&quot;#0c0d3c1a&quot;,&quot;radius&quot;:&quot;5px&quot;},&quot;sliderIsLoop&quot;:true,&quot;sliderIsTouchMove&quot;:false,&quot;sliderIsAutoplay&quot;:true,&quot;sliderAutoplayOptions&quot;:{&quot;delay&quot;:1.5},&quot;sliderSpeed&quot;:1.5,&quot;sliderEffect&quot;:&quot;slide&quot;,&quot;sliderIsPage&quot;:true,&quot;sliderIsPageClickable&quot;:true,&quot;sliderIsPageDynamic&quot;:true,&quot;sliderPageColor&quot;:&quot;#146EF5&quot;,&quot;sliderPageWidth&quot;:&quot;15px&quot;,&quot;sliderPageHeight&quot;:&quot;15px&quot;,&quot;sliderPageBorder&quot;:{&quot;radius&quot;:&quot;50%&quot;},&quot;sliderIsPrevNext&quot;:true,&quot;sliderPrevNextColor&quot;:&quot;#146EF5&quot;,&quot;tickerDirection&quot;:&quot;up&quot;,&quot;tickerSpeed&quot;:&quot;slow&quot;,&quot;tickerInterval&quot;:2000,&quot;tickerHeight&quot;:&quot;0px&quot;,&quot;tickerVisible&quot;:3,&quot;tickerIsMousePause&quot;:true,&quot;elementsSort&quot;:[&quot;title&quot;,&quot;meta&quot;],&quot;isFImg&quot;:true,&quot;fImgSize&quot;:&quot;full&quot;,&quot;fImgFitting&quot;:&quot;cover&quot;,&quot;isFImgLink&quot;:false,&quot;isTitle&quot;:true,&quot;isTitleLink&quot;:true,&quot;titleMargin&quot;:{&quot;side&quot;:4,&quot;bottom&quot;:&quot;15px&quot;},&quot;isMeta&quot;:true,&quot;isMetaAuthorLink&quot;:true,&quot;metaAuthorIcon&quot;:&quot;&quot;,&quot;metaDateFormat&quot;:&quot;M j, Y&quot;,&quot;metaDateIcon&quot;:&quot;&quot;,&quot;isMetaCategory&quot;:true,&quot;metaCategoryIn&quot;:&quot;content&quot;,&quot;metaCategoryIcon&quot;:&quot;&quot;,&quot;metaTaxonomies&quot;:{&quot;selected&quot;:[]},&quot;isMetaReadTime&quot;:false,&quot;metaReadTimeIcon&quot;:&quot;&quot;,&quot;isMetaReadTimeSec&quot;:false,&quot;metaReadTimeLabel&quot;:&quot;Min read&quot;,&quot;isMetaComment&quot;:false,&quot;metaCommentIcon&quot;:&quot;&quot;,&quot;metaTypo&quot;:{&quot;fontSize&quot;:{&quot;desktop&quot;:&quot;13px&quot;},&quot;textTransform&quot;:&quot;uppercase&quot;},&quot;metaColorsOnImage&quot;:{&quot;color&quot;:&quot;#fff&quot;,&quot;bg&quot;:&quot;#146EF5&quot;},&quot;metaMargin&quot;:{&quot;side&quot;:4,&quot;bottom&quot;:&quot;15px&quot;},&quot;isExcerpt&quot;:true,&quot;isEllipsisOnExcerpt&quot;:false,&quot;excerptAlign&quot;:&quot;justify&quot;,&quot;excerptMargin&quot;:{&quot;side&quot;:4,&quot;bottom&quot;:&quot;10px&quot;},&quot;isReadMore&quot;:true,&quot;readMorePosition&quot;:&quot;auto&quot;,&quot;isLinkNewTab&quot;:false,&quot;readMoreAlign&quot;:&quot;left&quot;,&quot;readMoreColors&quot;:{&quot;color&quot;:&quot;#fff&quot;,&quot;bg&quot;:&quot;#146EF5&quot;},&quot;readMoreHovColors&quot;:{&quot;color&quot;:&quot;#fff&quot;,&quot;bg&quot;:&quot;#FF7A00&quot;},&quot;readMorePadding&quot;:{&quot;vertical&quot;:&quot;12px&quot;,&quot;horizontal&quot;:&quot;35px&quot;},&quot;readMoreBorder&quot;:{&quot;radius&quot;:&quot;3px&quot;},&quot;currentPostId&quot;:11}'\n\tdata-extra='{&quot;totalPosts&quot;:24}'\n\tdata-pipecheck=''\n>\n\t<pre id='firstPosts'>\n\t\t[{&quot;id&quot;:519,&quot;link&quot;:&quot;https:\\\/\\\/casalcatala.ca\\\/CAT\\\/2026\\\/04\\\/02\\\/celebrem-sant-jordi\\\/&quot;,&quot;name&quot;:&quot;celebrem-sant-jordi&quot;,&quot;thumbnail&quot;:{&quot;url&quot;:false,&quot;alt&quot;:false},&quot;title&quot;:&quot;Celebrem Sant Jordi!&quot;,&quot;postMeta&quot;:[],&quot;author&quot;:{&quot;name&quot;:&quot;admin&quot;,&quot;link&quot;:&quot;https:\\\/\\\/casalcatala.ca\\\/CAT\\\/author\\\/admin\\\/&quot;},&quot;date&quot;:&quot;Apr 2, 2026&quot;,&quot;dateGMT&quot;:&quot;2026-04-01 22:27:33&quot;,&quot;modifiedDate&quot;:&quot;2026-04-09 01:48:23&quot;,&quot;modifiedDateGMT&quot;:&quot;2026-04-08 17:48:23&quot;,&quot;commentCount&quot;:&quot;0&quot;,&quot;commentStatus&quot;:&quot;closed&quot;,&quot;categories&quot;:{&quot;coma&quot;:&quot;&lt;a href=\\&quot;https:\\\/\\\/casalcatala.ca\\\/CAT\\\/category\\\/activitats\\\/\\&quot; rel=\\&quot;category tag\\&quot;&gt;Activitats&lt;\\\/a&gt;&quot;,&quot;space&quot;:&quot;&lt;a href=\\&quot;https:\\\/\\\/casalcatala.ca\\\/CAT\\\/category\\\/activitats\\\/\\&quot; rel=\\&quot;category tag\\&quot;&gt;Activitats&lt;\\\/a&gt;&quot;},&quot;taxonomies&quot;:{&quot;post_tag&quot;:&quot;&quot;},&quot;readTime&quot;:{&quot;min&quot;:1,&quot;sec&quot;:4},&quot;status&quot;:&quot;publish&quot;,&quot;content&quot;:&quot;Per celebrar la&nbsp;diada de Sant Jordi, ens ajuntarem el dissabte 18 d\\u2019abril,&quot;},{&quot;id&quot;:512,&quot;link&quot;:&quot;https:\\\/\\\/casalcatala.ca\\\/CAT\\\/2026\\\/03\\\/13\\\/inscripcions-classes-de-catala-obertes\\\/&quot;,&quot;name&quot;:&quot;inscripcions-classes-de-catala-obertes&quot;,&quot;thumbnail&quot;:{&quot;url&quot;:false,&quot;alt&quot;:false},&quot;title&quot;:&quot;Inscripcions Classes de Catal\\u00e0 Obertes&quot;,&quot;postMeta&quot;:[],&quot;author&quot;:{&quot;name&quot;:&quot;admin&quot;,&quot;link&quot;:&quot;https:\\\/\\\/casalcatala.ca\\\/CAT\\\/author\\\/admin\\\/&quot;},&quot;date&quot;:&quot;Mar 13, 2026&quot;,&quot;dateGMT&quot;:&quot;2026-03-12 17:39:03&quot;,&quot;modifiedDate&quot;:&quot;2026-03-24 01:13:19&quot;,&quot;modifiedDateGMT&quot;:&quot;2026-03-23 17:13:19&quot;,&quot;commentCount&quot;:&quot;0&quot;,&quot;commentStatus&quot;:&quot;closed&quot;,&quot;categories&quot;:{&quot;coma&quot;:&quot;&lt;a href=\\&quot;https:\\\/\\\/casalcatala.ca\\\/CAT\\\/category\\\/classes-catala\\\/\\&quot; rel=\\&quot;category tag\\&quot;&gt;Classes Catal\\u00e0&lt;\\\/a&gt;&quot;,&quot;space&quot;:&quot;&lt;a href=\\&quot;https:\\\/\\\/casalcatala.ca\\\/CAT\\\/category\\\/classes-catala\\\/\\&quot; rel=\\&quot;category tag\\&quot;&gt;Classes Catal\\u00e0&lt;\\\/a&gt;&quot;},&quot;taxonomies&quot;:{&quot;post_tag&quot;:&quot;&quot;},&quot;readTime&quot;:{&quot;min&quot;:1,&quot;sec&quot;:25},&quot;status&quot;:&quot;publish&quot;,&quot;content&quot;:&quot;\\ufeffClasses de catal\\u00e0 infantils presencials (2 a 7 anys) Les classes infantils&quot;},{&quot;id&quot;:508,&quot;link&quot;:&quot;https:\\\/\\\/casalcatala.ca\\\/CAT\\\/2026\\\/03\\\/05\\\/taller-de-decoracio-de-mones-de-pasqua\\\/&quot;,&quot;name&quot;:&quot;taller-de-decoracio-de-mones-de-pasqua&quot;,&quot;thumbnail&quot;:{&quot;url&quot;:false,&quot;alt&quot;:false},&quot;title&quot;:&quot;Taller de Decoraci\\u00f3 de Mones de Pasq\\u00fca&quot;,&quot;postMeta&quot;:[],&quot;author&quot;:{&quot;name&quot;:&quot;admin&quot;,&quot;link&quot;:&quot;https:\\\/\\\/casalcatala.ca\\\/CAT\\\/author\\\/admin\\\/&quot;},&quot;date&quot;:&quot;Mar 5, 2026&quot;,&quot;dateGMT&quot;:&quot;2026-03-05 04:51:42&quot;,&quot;modifiedDate&quot;:&quot;2026-03-05 12:51:42&quot;,&quot;modifiedDateGMT&quot;:&quot;2026-03-05 04:51:42&quot;,&quot;commentCount&quot;:&quot;0&quot;,&quot;commentStatus&quot;:&quot;closed&quot;,&quot;categories&quot;:{&quot;coma&quot;:&quot;&lt;a href=\\&quot;https:\\\/\\\/casalcatala.ca\\\/CAT\\\/category\\\/activitats\\\/\\&quot; rel=\\&quot;category tag\\&quot;&gt;Activitats&lt;\\\/a&gt;&quot;,&quot;space&quot;:&quot;&lt;a href=\\&quot;https:\\\/\\\/casalcatala.ca\\\/CAT\\\/category\\\/activitats\\\/\\&quot; rel=\\&quot;category tag\\&quot;&gt;Activitats&lt;\\\/a&gt;&quot;},&quot;taxonomies&quot;:{&quot;post_tag&quot;:&quot;&quot;},&quot;readTime&quot;:{&quot;min&quot;:0,&quot;sec&quot;:51},&quot;status&quot;:&quot;publish&quot;,&quot;content&quot;:&quot;Ens fa molta il\\u00b7lusi\\u00f3 convidar-vos al\\u00a0Taller de Decoraci\\u00f3 de Mones de Pasq\\u00fca,&quot;},{&quot;id&quot;:504,&quot;link&quot;:&quot;https:\\\/\\\/casalcatala.ca\\\/CAT\\\/2026\\\/02\\\/22\\\/activitats-pel-2026\\\/&quot;,&quot;name&quot;:&quot;activitats-pel-2026&quot;,&quot;thumbnail&quot;:{&quot;url&quot;:false,&quot;alt&quot;:false},&quot;title&quot;:&quot;Activitats pel 2026&quot;,&quot;postMeta&quot;:[],&quot;author&quot;:{&quot;name&quot;:&quot;admin&quot;,&quot;link&quot;:&quot;https:\\\/\\\/casalcatala.ca\\\/CAT\\\/author\\\/admin\\\/&quot;},&quot;date&quot;:&quot;Feb 22, 2026&quot;,&quot;dateGMT&quot;:&quot;2026-02-22 04:58:05&quot;,&quot;modifiedDate&quot;:&quot;2026-03-24 01:12:54&quot;,&quot;modifiedDateGMT&quot;:&quot;2026-03-23 17:12:54&quot;,&quot;commentCount&quot;:&quot;0&quot;,&quot;commentStatus&quot;:&quot;closed&quot;,&quot;categories&quot;:{&quot;coma&quot;:&quot;&lt;a href=\\&quot;https:\\\/\\\/casalcatala.ca\\\/CAT\\\/category\\\/activitats\\\/\\&quot; rel=\\&quot;category tag\\&quot;&gt;Activitats&lt;\\\/a&gt;&quot;,&quot;space&quot;:&quot;&lt;a href=\\&quot;https:\\\/\\\/casalcatala.ca\\\/CAT\\\/category\\\/activitats\\\/\\&quot; rel=\\&quot;category tag\\&quot;&gt;Activitats&lt;\\\/a&gt;&quot;},&quot;taxonomies&quot;:{&quot;post_tag&quot;:&quot;&quot;},&quot;readTime&quot;:{&quot;min&quot;:0,&quot;sec&quot;:48},&quot;status&quot;:&quot;publish&quot;,&quot;content&quot;:&quot;Llistat de les activitats previstes pel 2026 (anirem confirmant dates i espais&quot;}]\t<\/pre>\n\n\t\t\t\t<div class='apbLoadingPlaceholder' id='apbLoadingPlaceholder-2'>\n\t\t\t\t\t\t\t\t\t\t<div class='apbGridPosts columns-4 columns-tablet-2 columns-mobile-1'>\n\t\t\t\t\t\t\t<article class='apbPost'>\n\t\t\t<span class='apbLoadingItem apbThumb'><\/span>\n\t\t\t\n\t\t\t<div class='apbText'>\n\t\t\t\t<div class='apbTitle'>\n\t\t\t\t\t<span class='apbLoadingItem'><\/span>\n\t\t\t\t\t<span class='apbLoadingItem'><\/span>\n\t\t\t\t<\/div>\n\t\t\t\t<div class='apbMeta'>\n\t\t\t\t\t<span class='apbLoadingItem'><\/span>\n\t\t\t\t<\/div>\n\t\t\t\t<div class='apbExcerpt'>\n\t\t\t\t\t<span class='apbLoadingItem'><\/span>\n\t\t\t\t\t<span class='apbLoadingItem'><\/span>\n\t\t\t\t\t<span class='apbLoadingItem'><\/span>\n\t\t\t\t\t<span class='apbLoadingItem'><\/span>\n\t\t\t\t<\/div>\n\t\t\t\t<div class='apbReadMore'>\n\t\t\t\t\t<span class='apbLoadingItem'><\/span>\n\t\t\t\t<\/div>\n\t\t\t<\/div>\n\t\t<\/article><article class='apbPost'>\n\t\t\t<span class='apbLoadingItem apbThumb'><\/span>\n\t\t\t\n\t\t\t<div class='apbText'>\n\t\t\t\t<div class='apbTitle'>\n\t\t\t\t\t<span class='apbLoadingItem'><\/span>\n\t\t\t\t\t<span class='apbLoadingItem'><\/span>\n\t\t\t\t<\/div>\n\t\t\t\t<div class='apbMeta'>\n\t\t\t\t\t<span class='apbLoadingItem'><\/span>\n\t\t\t\t<\/div>\n\t\t\t\t<div class='apbExcerpt'>\n\t\t\t\t\t<span class='apbLoadingItem'><\/span>\n\t\t\t\t\t<span class='apbLoadingItem'><\/span>\n\t\t\t\t\t<span class='apbLoadingItem'><\/span>\n\t\t\t\t\t<span class='apbLoadingItem'><\/span>\n\t\t\t\t<\/div>\n\t\t\t\t<div class='apbReadMore'>\n\t\t\t\t\t<span class='apbLoadingItem'><\/span>\n\t\t\t\t<\/div>\n\t\t\t<\/div>\n\t\t<\/article><article class='apbPost'>\n\t\t\t<span class='apbLoadingItem apbThumb'><\/span>\n\t\t\t\n\t\t\t<div class='apbText'>\n\t\t\t\t<div class='apbTitle'>\n\t\t\t\t\t<span class='apbLoadingItem'><\/span>\n\t\t\t\t\t<span class='apbLoadingItem'><\/span>\n\t\t\t\t<\/div>\n\t\t\t\t<div class='apbMeta'>\n\t\t\t\t\t<span class='apbLoadingItem'><\/span>\n\t\t\t\t<\/div>\n\t\t\t\t<div class='apbExcerpt'>\n\t\t\t\t\t<span class='apbLoadingItem'><\/span>\n\t\t\t\t\t<span class='apbLoadingItem'><\/span>\n\t\t\t\t\t<span class='apbLoadingItem'><\/span>\n\t\t\t\t\t<span class='apbLoadingItem'><\/span>\n\t\t\t\t<\/div>\n\t\t\t\t<div class='apbReadMore'>\n\t\t\t\t\t<span class='apbLoadingItem'><\/span>\n\t\t\t\t<\/div>\n\t\t\t<\/div>\n\t\t<\/article><article class='apbPost'>\n\t\t\t<span class='apbLoadingItem apbThumb'><\/span>\n\t\t\t\n\t\t\t<div class='apbText'>\n\t\t\t\t<div class='apbTitle'>\n\t\t\t\t\t<span class='apbLoadingItem'><\/span>\n\t\t\t\t\t<span class='apbLoadingItem'><\/span>\n\t\t\t\t<\/div>\n\t\t\t\t<div class='apbMeta'>\n\t\t\t\t\t<span class='apbLoadingItem'><\/span>\n\t\t\t\t<\/div>\n\t\t\t\t<div class='apbExcerpt'>\n\t\t\t\t\t<span class='apbLoadingItem'><\/span>\n\t\t\t\t\t<span class='apbLoadingItem'><\/span>\n\t\t\t\t\t<span class='apbLoadingItem'><\/span>\n\t\t\t\t\t<span class='apbLoadingItem'><\/span>\n\t\t\t\t<\/div>\n\t\t\t\t<div class='apbReadMore'>\n\t\t\t\t\t<span class='apbLoadingItem'><\/span>\n\t\t\t\t<\/div>\n\t\t\t<\/div>\n\t\t<\/article>\t\t\t\t\t\t<\/div>\n\t\t\t\t\t\t\t\t<\/div>\n\t\t<\/div>\n\n\n<div style=\"height:0px\" aria-hidden=\"true\" class=\"wp-block-spacer wp-container-content-4f2ccadb\"><\/div>\n\n\n\n<p class=\"has-text-align-center\">&nbsp;<\/p>\n<\/div>\n\n\n\n<div class=\"wp-block-group has-background\" style=\"background-color:#f1f49c\"><div class=\"wp-block-group__inner-container is-layout-constrained wp-block-group-is-layout-constrained\">\n<h3 class=\"wp-block-heading\">GUIA DE BENVINGUDA AL CANAD\u00c0<\/h3>\n\n\n\n<p>En aquesta&nbsp;<a href=\"https:\/\/exteriors.gencat.cat\/ca\/ambits-dactuacio\/afers_exteriors\/delegacions_govern\/eua\/benvinguda\/canada\/index.html\"><strong>guia<\/strong><\/a>&nbsp;que la Generalitat de Catalunya ha elaborat i en la que hem col\u00b7laborat, hi trobareu informaci\u00f3 b\u00e0sica per preparar el vostre despla\u00e7ament al Canad\u00e0, aix\u00ed com q\u00fcestions importants per poder-hi viure, estudiar i treballar, com ara els tr\u00e0mits administratius. Tamb\u00e9 inclou altres aspectes rellevants del pa\u00eds que us poden ser de gran utilitat en el dia a dia.&nbsp;<\/p>\n<\/div><\/div>\n<\/div><\/div>\n\n\n\n<div class=\"wp-block-group alignfull has-base-2-background-color has-background\" style=\"margin-top:0;margin-bottom:0;padding-top:var(--wp--preset--spacing--50);padding-right:var(--wp--preset--spacing--50);padding-bottom:var(--wp--preset--spacing--50);padding-left:var(--wp--preset--spacing--50)\"><div class=\"wp-block-group__inner-container is-layout-constrained wp-container-core-group-is-layout-2bafd31c wp-block-group-is-layout-constrained\">\n<div class=\"wp-block-group\"><div class=\"wp-block-group__inner-container is-layout-constrained wp-block-group-is-layout-constrained\">\n<div class=\"wp-block-group has-background\" style=\"background-color:#e5e5e5\"><div class=\"wp-block-group__inner-container is-layout-constrained wp-block-group-is-layout-constrained\">\n<p>Ens podeu trobar al grup de Facebook del&nbsp;<a href=\"https:\/\/www.facebook.com\/pages\/Casal-Catal%C3%A0-de-Vancouver\/169578826392066\">Casal Catal\u00e0 de Vancouver<\/a>,&nbsp;<strong>Grup al Facebook<\/strong>&nbsp;de&nbsp;<a href=\"https:\/\/www.facebook.com\/groups\/121896147860490\/\">Catalans a Vancouver<\/a>&nbsp;i al&nbsp;<strong>grup de&nbsp;WhatApp<\/strong>&nbsp;<strong><em>PerdutsaVancouver&nbsp;<\/em><\/strong>(per afegir-vos, envieu-nos el vostre email a trav\u00e9s de la p\u00e0gina de&nbsp;<a href=\"http:\/\/www.casalcatala.ca\/ca\/contacte\/\">contacte<\/a>).<\/p>\n\n\n\n<p>Aquests grups us seran molt \u00fatils per trobar consells i recomanacions sobre el dia a dia, com ara com treure`s el carnet de conduir, papers d`immigraci\u00f3, com votar des de l`exterior, on con\u00e8ixer m\u00e9s catalans i catalanes o a quin lloc anar a veure el partit del Bar\u00e7a.&nbsp;<\/p>\n<\/div><\/div>\n<\/div><\/div>\n\n\n\n<p><\/p>\n<\/div><\/div>\n\n\n\n<h2 class=\"wp-block-heading has-text-align-center\"><a href=\"https:\/\/casalcatala.ca\/CAT\/fes-te-soci\/\" data-type=\"page\" data-id=\"138\">Feu-vos membres del Casal!<\/a><\/h2>\n\n\n\n<p><\/p>\n","protected":false},"excerpt":{"rendered":"<p>Tothom \u00e9s benvingut! El Casal Catal\u00e0 de Vancouver \u00e9s una associaci\u00f3 sense \u00e0nim de lucre (legalment una non-profit) que t\u00e9 com a primer motiu de la seva exist\u00e8ncia el foment&hellip;<\/p>\n","protected":false},"author":2,"featured_media":0,"parent":0,"menu_order":0,"comment_status":"closed","ping_status":"closed","template":"","meta":{"footnotes":""},"class_list":["post-11","page","type-page","status-publish","hentry"],"_links":{"self":[{"href":"https:\/\/casalcatala.ca\/CAT\/wp-json\/wp\/v2\/pages\/11","targetHints":{"allow":["GET"]}}],"collection":[{"href":"https:\/\/casalcatala.ca\/CAT\/wp-json\/wp\/v2\/pages"}],"about":[{"href":"https:\/\/casalcatala.ca\/CAT\/wp-json\/wp\/v2\/types\/page"}],"author":[{"embeddable":true,"href":"https:\/\/casalcatala.ca\/CAT\/wp-json\/wp\/v2\/users\/2"}],"replies":[{"embeddable":true,"href":"https:\/\/casalcatala.ca\/CAT\/wp-json\/wp\/v2\/comments?post=11"}],"version-history":[{"count":53,"href":"https:\/\/casalcatala.ca\/CAT\/wp-json\/wp\/v2\/pages\/11\/revisions"}],"predecessor-version":[{"id":477,"href":"https:\/\/casalcatala.ca\/CAT\/wp-json\/wp\/v2\/pages\/11\/revisions\/477"}],"wp:attachment":[{"href":"https:\/\/casalcatala.ca\/CAT\/wp-json\/wp\/v2\/media?parent=11"}],"curies":[{"name":"wp","href":"https:\/\/api.w.org\/{rel}","templated":true}]}}