{"id":147,"date":"2025-01-30T15:11:40","date_gmt":"2025-01-30T07:11:40","guid":{"rendered":"https:\/\/casalcatala.ca\/CAT\/?page_id=147"},"modified":"2025-02-05T07:58:12","modified_gmt":"2025-02-04T23:58:12","slug":"presencia-catalana","status":"publish","type":"page","link":"https:\/\/casalcatala.ca\/CAT\/presencia-catalana\/","title":{"rendered":"Presencia catalana al Pacific North West"},"content":{"rendered":"\n<p>A partir del  s XVIII hi ha documentada una forta pres\u00e8ncia de catalans, tant del Principat com de les Illes i Pa\u00eds Valenci\u00e0 en el <em>Pacific North West<\/em>, que es la regi\u00f3 corresponent a <em>Alaska, British Columbia, Washington i Oregon<\/em>. Es per aix\u00f2, que la British Columbia va proclamar el dia 11 de Setembre del 1994 com el <em><a href=\"https:\/\/casalcatala.ca\/CAT\/proclamacio\/\" data-type=\"page\" data-id=\"243\">Catalan Heritage Day<\/a><\/em>. <\/p>\n\n\n\n<p>El 2002 es va conmemorar el bicentenari de l mort de Pere d&#8217;Albern\u00ed, el m\u00e9s il.lustre si m\u00e9s no en rang, de tots els catalans que varen posar el seu peu en aquestes terres. La conmemoracio va incloure un seguit de conferencies, exposicions i la proclamacio per la British Columbia del dia 11 de Mar\u00e7 del 2002 com <em><a href=\"https:\/\/casalcatala.ca\/CAT\/2025\/02\/05\/proclamacio-pere-dalberni-day\/\">Pere d&#8217;Albern\u00ed Day.<\/a><\/em><\/p>\n\n\n\n<p>Durant aquest any es va recollir tot un seguit de documentacio relacionada amb l&#8217;efem\u00e8ride, documentacio que podeu trobar en els articles associats a aquesta p\u00e0gina.<\/p>\n\n\n<div\n\t\tclass=\"free alignwide alignwide wp-block-ap-block-posts\"\tid='apbAdvancedPosts-1'\n\tdata-nonce='&quot;dcf5bac22f&quot;'\n\tdata-attributes='{&quot;columns&quot;:{&quot;desktop&quot;:4,&quot;tablet&quot;:2,&quot;mobile&quot;:1},&quot;columnGap&quot;:10,&quot;rowGap&quot;:10,&quot;isContentEqualHight&quot;:false,&quot;selectedCategories&quot;:[13],&quot;postsPerPage&quot;:30,&quot;postsOrderBy&quot;:&quot;title&quot;,&quot;contentBG&quot;:{&quot;color&quot;:&quot;rgba(252, 251, 242, 1)&quot;,&quot;type&quot;:&quot;solid&quot;},&quot;isMetaAuthor&quot;:false,&quot;isMetaDate&quot;:false,&quot;metaCategoryIn&quot;:&quot;image&quot;,&quot;isExcerptFromContent&quot;:true,&quot;align&quot;:&quot;wide&quot;,&quot;layout&quot;:&quot;&quot;,&quot;subLayout&quot;:&quot;default&quot;,&quot;sliderHeight&quot;:&quot;350px&quot;,&quot;content&quot;:{&quot;height&quot;:&quot;auto&quot;},&quot;postType&quot;:&quot;post&quot;,&quot;selectedTaxonomies&quot;:[],&quot;selectedTags&quot;:[],&quot;isPostsPerPageAll&quot;:false,&quot;postsOrder&quot;:&quot;desc&quot;,&quot;postsOffset&quot;:0,&quot;postsInclude&quot;:[],&quot;postsExclude&quot;:[],&quot;isExcludeCurrent&quot;:false,&quot;isPagination&quot;:false,&quot;paginationPrevLabel&quot;:&quot;Prev&quot;,&quot;paginationNextLabel&quot;:&quot;Next&quot;,&quot;paginationColors&quot;:{&quot;color&quot;:&quot;#fff&quot;,&quot;bg&quot;:&quot;#146EF5&quot;},&quot;paginationHovColors&quot;:{&quot;color&quot;:&quot;#fff&quot;,&quot;bg&quot;:&quot;#070127&quot;},&quot;paginationPadding&quot;:{&quot;vertical&quot;:&quot;8px&quot;,&quot;horizontal&quot;:&quot;15px&quot;},&quot;paginationSpacing&quot;:&quot;15px&quot;,&quot;loadMore&quot;:{&quot;type&quot;:&quot;&quot;,&quot;alignment&quot;:&quot;center&quot;,&quot;scrollTop&quot;:{&quot;enabled&quot;:false,&quot;offset&quot;:50},&quot;infinityScroll&quot;:{&quot;offset&quot;:-100,&quot;spinner&quot;:true,&quot;label&quot;:&quot;Loading...&quot;},&quot;button&quot;:{&quot;label&quot;:&quot;Load More&quot;}},&quot;contentAlign&quot;:&quot;left&quot;,&quot;contentPadding&quot;:{&quot;vertical&quot;:&quot;20px&quot;,&quot;horizontal&quot;:&quot;25px&quot;},&quot;border&quot;:{&quot;width&quot;:&quot;1px&quot;,&quot;color&quot;:&quot;#0c0d3c1a&quot;,&quot;radius&quot;:&quot;5px&quot;},&quot;sliderIsLoop&quot;:true,&quot;sliderIsTouchMove&quot;:false,&quot;sliderIsAutoplay&quot;:true,&quot;sliderAutoplayOptions&quot;:{&quot;delay&quot;:1.5},&quot;sliderSpeed&quot;:1.5,&quot;sliderEffect&quot;:&quot;slide&quot;,&quot;sliderIsPage&quot;:true,&quot;sliderIsPageClickable&quot;:true,&quot;sliderIsPageDynamic&quot;:true,&quot;sliderPageColor&quot;:&quot;#146EF5&quot;,&quot;sliderPageWidth&quot;:&quot;15px&quot;,&quot;sliderPageHeight&quot;:&quot;15px&quot;,&quot;sliderPageBorder&quot;:{&quot;radius&quot;:&quot;50%&quot;},&quot;sliderIsPrevNext&quot;:true,&quot;sliderPrevNextColor&quot;:&quot;#146EF5&quot;,&quot;tickerDirection&quot;:&quot;up&quot;,&quot;tickerSpeed&quot;:&quot;slow&quot;,&quot;tickerInterval&quot;:2000,&quot;tickerHeight&quot;:&quot;0px&quot;,&quot;tickerVisible&quot;:3,&quot;tickerIsMousePause&quot;:true,&quot;elementsSort&quot;:[&quot;title&quot;,&quot;meta&quot;],&quot;isFImg&quot;:true,&quot;fImgSize&quot;:&quot;full&quot;,&quot;fImgFitting&quot;:&quot;cover&quot;,&quot;isFImgLink&quot;:false,&quot;isTitle&quot;:true,&quot;isTitleLink&quot;:true,&quot;titleTypo&quot;:{&quot;fontFamily&quot;:&quot;Roboto&quot;,&quot;fontSize&quot;:{&quot;desktop&quot;:&quot;25px&quot;,&quot;tablet&quot;:&quot;22px&quot;,&quot;mobile&quot;:&quot;20px&quot;},&quot;googleFontLink&quot;:&quot;https:\\\/\\\/fonts.googleapis.com\\\/css2?family=Roboto&amp;display=swap&quot;},&quot;titleColor&quot;:&quot;&quot;,&quot;titleMargin&quot;:{&quot;side&quot;:4,&quot;bottom&quot;:&quot;15px&quot;},&quot;isMeta&quot;:true,&quot;isMetaAuthorLink&quot;:true,&quot;metaAuthorIcon&quot;:&quot;&quot;,&quot;metaDateFormat&quot;:&quot;M j, Y&quot;,&quot;metaDateIcon&quot;:&quot;&quot;,&quot;isMetaCategory&quot;:true,&quot;metaCategoryIcon&quot;:&quot;&quot;,&quot;metaTaxonomies&quot;:{&quot;selected&quot;:[]},&quot;isMetaReadTime&quot;:false,&quot;metaReadTimeIcon&quot;:&quot;&quot;,&quot;isMetaReadTimeSec&quot;:false,&quot;metaReadTimeLabel&quot;:&quot;Min read&quot;,&quot;isMetaComment&quot;:false,&quot;metaCommentIcon&quot;:&quot;&quot;,&quot;metaTypo&quot;:{&quot;fontSize&quot;:{&quot;desktop&quot;:&quot;13px&quot;},&quot;textTransform&quot;:&quot;uppercase&quot;},&quot;metaTextColor&quot;:&quot;&quot;,&quot;metaLinkColor&quot;:&quot;#146EF5&quot;,&quot;metaIconColor&quot;:&quot;&quot;,&quot;metaColorsOnImage&quot;:{&quot;color&quot;:&quot;#fff&quot;,&quot;bg&quot;:&quot;#146EF5&quot;},&quot;metaMargin&quot;:{&quot;side&quot;:4,&quot;bottom&quot;:&quot;15px&quot;},&quot;isExcerpt&quot;:true,&quot;isEllipsisOnExcerpt&quot;:false,&quot;excerptLength&quot;:25,&quot;excerptAlign&quot;:&quot;justify&quot;,&quot;excerptTypo&quot;:{&quot;fontSize&quot;:{&quot;desktop&quot;:&quot;15px&quot;}},&quot;excerptColor&quot;:&quot;&quot;,&quot;excerptMargin&quot;:{&quot;side&quot;:4,&quot;bottom&quot;:&quot;10px&quot;},&quot;isReadMore&quot;:true,&quot;readMorePosition&quot;:&quot;auto&quot;,&quot;readMoreLabel&quot;:&quot;Read More&quot;,&quot;isLinkNewTab&quot;:false,&quot;readMoreAlign&quot;:&quot;left&quot;,&quot;readMoreTypo&quot;:{&quot;fontSize&quot;:{&quot;desktop&quot;:&quot;14px&quot;},&quot;textTransform&quot;:&quot;uppercase&quot;,&quot;fontWeight&quot;:600},&quot;readMoreColors&quot;:{&quot;color&quot;:&quot;#fff&quot;,&quot;bg&quot;:&quot;#146EF5&quot;},&quot;readMoreHovColors&quot;:{&quot;color&quot;:&quot;#fff&quot;,&quot;bg&quot;:&quot;#FF7A00&quot;},&quot;readMorePadding&quot;:{&quot;vertical&quot;:&quot;12px&quot;,&quot;horizontal&quot;:&quot;35px&quot;},&quot;readMoreBorder&quot;:{&quot;radius&quot;:&quot;3px&quot;},&quot;currentPostId&quot;:147}'\n\tdata-extra='{&quot;totalPosts&quot;:22}'\n\tdata-pipecheck=''\n>\n\t<pre id='firstPosts'>\n\t\t[{&quot;id&quot;:286,&quot;link&quot;:&quot;https:\\\/\\\/casalcatala.ca\\\/CAT\\\/2025\\\/02\\\/05\\\/vaixells\\\/&quot;,&quot;name&quot;:&quot;vaixells&quot;,&quot;thumbnail&quot;:{&quot;url&quot;:false,&quot;alt&quot;:false},&quot;title&quot;:&quot;Vaixells&quot;,&quot;postMeta&quot;:[],&quot;author&quot;:{&quot;name&quot;:&quot;admin&quot;,&quot;link&quot;:&quot;https:\\\/\\\/casalcatala.ca\\\/CAT\\\/author\\\/admin\\\/&quot;},&quot;date&quot;:&quot;Feb 5, 2025&quot;,&quot;dateGMT&quot;:&quot;2025-02-04 23:19:36&quot;,&quot;modifiedDate&quot;:&quot;2025-10-23 06:01:16&quot;,&quot;modifiedDateGMT&quot;:&quot;2025-10-22 22:01:16&quot;,&quot;commentCount&quot;:&quot;0&quot;,&quot;commentStatus&quot;:&quot;closed&quot;,&quot;categories&quot;:{&quot;coma&quot;:&quot;&lt;a href=\\&quot;https:\\\/\\\/casalcatala.ca\\\/CAT\\\/category\\\/pcpn\\\/\\&quot; rel=\\&quot;category tag\\&quot;&gt;PCPN&lt;\\\/a&gt;&quot;,&quot;space&quot;:&quot;&lt;a href=\\&quot;https:\\\/\\\/casalcatala.ca\\\/CAT\\\/category\\\/pcpn\\\/\\&quot; rel=\\&quot;category tag\\&quot;&gt;PCPN&lt;\\\/a&gt;&quot;},&quot;taxonomies&quot;:{&quot;post_tag&quot;:&quot;&quot;},&quot;readTime&quot;:{&quot;min&quot;:2,&quot;sec&quot;:17},&quot;status&quot;:&quot;publish&quot;,&quot;content&quot;:&quot;Aranzazu o Nostra Sra. D&#039;Aranzazu La fragata ARANZAZU va \\u00e9sser constru\\u00efda al Port de Cavite, FILIPINES: El 1789 venia al Port de Nootka amb queviures&quot;},{&quot;id&quot;:257,&quot;link&quot;:&quot;https:\\\/\\\/casalcatala.ca\\\/CAT\\\/2025\\\/02\\\/05\\\/toponims-dorigen-catala-a-la-costa-nord-oest-damerica\\\/&quot;,&quot;name&quot;:&quot;toponims-dorigen-catala-a-la-costa-nord-oest-damerica&quot;,&quot;thumbnail&quot;:{&quot;url&quot;:false,&quot;alt&quot;:false},&quot;title&quot;:&quot;Top\\u00f2nims d&#039;origen catal\\u00e0 a la Costa nord-oest d&#039;Am\\u00e8rica&quot;,&quot;postMeta&quot;:[],&quot;author&quot;:{&quot;name&quot;:&quot;admin&quot;,&quot;link&quot;:&quot;https:\\\/\\\/casalcatala.ca\\\/CAT\\\/author\\\/admin\\\/&quot;},&quot;date&quot;:&quot;Feb 5, 2025&quot;,&quot;dateGMT&quot;:&quot;2025-02-04 22:33:43&quot;,&quot;modifiedDate&quot;:&quot;2025-10-23 06:02:35&quot;,&quot;modifiedDateGMT&quot;:&quot;2025-10-22 22:02:35&quot;,&quot;commentCount&quot;:&quot;0&quot;,&quot;commentStatus&quot;:&quot;closed&quot;,&quot;categories&quot;:{&quot;coma&quot;:&quot;&lt;a href=\\&quot;https:\\\/\\\/casalcatala.ca\\\/CAT\\\/category\\\/pcpn\\\/\\&quot; rel=\\&quot;category tag\\&quot;&gt;PCPN&lt;\\\/a&gt;&quot;,&quot;space&quot;:&quot;&lt;a href=\\&quot;https:\\\/\\\/casalcatala.ca\\\/CAT\\\/category\\\/pcpn\\\/\\&quot; rel=\\&quot;category tag\\&quot;&gt;PCPN&lt;\\\/a&gt;&quot;},&quot;taxonomies&quot;:{&quot;post_tag&quot;:&quot;&quot;},&quot;readTime&quot;:{&quot;min&quot;:2,&quot;sec&quot;:15},&quot;status&quot;:&quot;publish&quot;,&quot;content&quot;:&quot;Top\\u00f2nims d&#039;origen catal\\u00e0 o relacionats amb personatges catalans de la Costa nord-oest d&#039;Am\\u00e8rica. Incloem Alaska (USA), British Columbia (Canad\\u00e0), Washington (USA) i Oregon (USA). Si&quot;},{&quot;id&quot;:282,&quot;link&quot;:&quot;https:\\\/\\\/casalcatala.ca\\\/CAT\\\/2025\\\/02\\\/05\\\/tomas-de-suria\\\/&quot;,&quot;name&quot;:&quot;tomas-de-suria&quot;,&quot;thumbnail&quot;:{&quot;url&quot;:false,&quot;alt&quot;:false},&quot;title&quot;:&quot;Tom\\u00e0s de Suria&quot;,&quot;postMeta&quot;:[],&quot;author&quot;:{&quot;name&quot;:&quot;admin&quot;,&quot;link&quot;:&quot;https:\\\/\\\/casalcatala.ca\\\/CAT\\\/author\\\/admin\\\/&quot;},&quot;date&quot;:&quot;Feb 5, 2025&quot;,&quot;dateGMT&quot;:&quot;2025-02-04 23:07:03&quot;,&quot;modifiedDate&quot;:&quot;2025-10-23 06:09:14&quot;,&quot;modifiedDateGMT&quot;:&quot;2025-10-22 22:09:14&quot;,&quot;commentCount&quot;:&quot;0&quot;,&quot;commentStatus&quot;:&quot;closed&quot;,&quot;categories&quot;:{&quot;coma&quot;:&quot;&lt;a href=\\&quot;https:\\\/\\\/casalcatala.ca\\\/CAT\\\/category\\\/pcpn\\\/\\&quot; rel=\\&quot;category tag\\&quot;&gt;PCPN&lt;\\\/a&gt;&quot;,&quot;space&quot;:&quot;&lt;a href=\\&quot;https:\\\/\\\/casalcatala.ca\\\/CAT\\\/category\\\/pcpn\\\/\\&quot; rel=\\&quot;category tag\\&quot;&gt;PCPN&lt;\\\/a&gt;&quot;},&quot;taxonomies&quot;:{&quot;post_tag&quot;:&quot;&quot;},&quot;readTime&quot;:{&quot;min&quot;:2,&quot;sec&quot;:12},&quot;status&quot;:&quot;publish&quot;,&quot;content&quot;:&quot;Tom\\u00e0s de Suria va n\\u00e8ixer a Enguera, Val\\u00e8ncia. Va formar part com a dibuixant de l&#039;Expedici\\u00f3 d&#039;Alejandro Malaspina. Al Museo Naval de Madrid hi han&quot;},{&quot;id&quot;:304,&quot;link&quot;:&quot;https:\\\/\\\/casalcatala.ca\\\/CAT\\\/2025\\\/02\\\/05\\\/salvador-fidalgo-un-altre-catala-a-la-historia-de-la-columbia-britanica\\\/&quot;,&quot;name&quot;:&quot;salvador-fidalgo-un-altre-catala-a-la-historia-de-la-columbia-britanica&quot;,&quot;thumbnail&quot;:{&quot;url&quot;:false,&quot;alt&quot;:false},&quot;title&quot;:&quot;Salvador Fidalgo, un altre catal\\u00e0 a la hist\\u00f2ria de la Col\\u00fambia Brit\\u00e0nica.&quot;,&quot;postMeta&quot;:[],&quot;author&quot;:{&quot;name&quot;:&quot;admin&quot;,&quot;link&quot;:&quot;https:\\\/\\\/casalcatala.ca\\\/CAT\\\/author\\\/admin\\\/&quot;},&quot;date&quot;:&quot;Feb 5, 2025&quot;,&quot;dateGMT&quot;:&quot;2025-02-04 23:32:14&quot;,&quot;modifiedDate&quot;:&quot;2025-10-23 06:15:07&quot;,&quot;modifiedDateGMT&quot;:&quot;2025-10-22 22:15:07&quot;,&quot;commentCount&quot;:&quot;0&quot;,&quot;commentStatus&quot;:&quot;closed&quot;,&quot;categories&quot;:{&quot;coma&quot;:&quot;&lt;a href=\\&quot;https:\\\/\\\/casalcatala.ca\\\/CAT\\\/category\\\/pcpn\\\/\\&quot; rel=\\&quot;category tag\\&quot;&gt;PCPN&lt;\\\/a&gt;&quot;,&quot;space&quot;:&quot;&lt;a href=\\&quot;https:\\\/\\\/casalcatala.ca\\\/CAT\\\/category\\\/pcpn\\\/\\&quot; rel=\\&quot;category tag\\&quot;&gt;PCPN&lt;\\\/a&gt;&quot;},&quot;taxonomies&quot;:{&quot;post_tag&quot;:&quot;&quot;},&quot;readTime&quot;:{&quot;min&quot;:7,&quot;sec&quot;:38},&quot;status&quot;:&quot;publish&quot;,&quot;content&quot;:&quot;Apart dels ja coneguts catalans que varen viatjar al que avui en dia es coneix com la prov\\u00edncia canadenca de la Col\\u00fambia Brit\\u00e0nica, com ara&nbsp;Joan&quot;},{&quot;id&quot;:277,&quot;link&quot;:&quot;https:\\\/\\\/casalcatala.ca\\\/CAT\\\/2025\\\/02\\\/05\\\/proclamacio-pere-dalberni-day\\\/&quot;,&quot;name&quot;:&quot;proclamacio-pere-dalberni-day&quot;,&quot;thumbnail&quot;:{&quot;url&quot;:false,&quot;alt&quot;:false},&quot;title&quot;:&quot;Proclamaci\\u00f3 Pere d&#039;Albern\\u00ed Day&quot;,&quot;postMeta&quot;:[],&quot;author&quot;:{&quot;name&quot;:&quot;admin&quot;,&quot;link&quot;:&quot;https:\\\/\\\/casalcatala.ca\\\/CAT\\\/author\\\/admin\\\/&quot;},&quot;date&quot;:&quot;Feb 5, 2025&quot;,&quot;dateGMT&quot;:&quot;2025-02-04 23:03:17&quot;,&quot;modifiedDate&quot;:&quot;2025-02-05 07:03:17&quot;,&quot;modifiedDateGMT&quot;:&quot;2025-02-04 23:03:17&quot;,&quot;commentCount&quot;:&quot;0&quot;,&quot;commentStatus&quot;:&quot;closed&quot;,&quot;categories&quot;:{&quot;coma&quot;:&quot;&lt;a href=\\&quot;https:\\\/\\\/casalcatala.ca\\\/CAT\\\/category\\\/pcpn\\\/\\&quot; rel=\\&quot;category tag\\&quot;&gt;PCPN&lt;\\\/a&gt;&quot;,&quot;space&quot;:&quot;&lt;a href=\\&quot;https:\\\/\\\/casalcatala.ca\\\/CAT\\\/category\\\/pcpn\\\/\\&quot; rel=\\&quot;category tag\\&quot;&gt;PCPN&lt;\\\/a&gt;&quot;},&quot;taxonomies&quot;:{&quot;post_tag&quot;:&quot;&quot;},&quot;readTime&quot;:{&quot;min&quot;:0,&quot;sec&quot;:5},&quot;status&quot;:&quot;publish&quot;,&quot;content&quot;:&quot;El dia 11 de Mar\\u00e7 del 2002 la Bristish Columbia el va declarar \\&quot;Dia d&#039;en Pere d&#039;Albern\\u00ed\\&quot;.&quot;},{&quot;id&quot;:271,&quot;link&quot;:&quot;https:\\\/\\\/casalcatala.ca\\\/CAT\\\/2025\\\/02\\\/05\\\/pere-dalberni-a-la-columbia-britanica-1790-1792\\\/&quot;,&quot;name&quot;:&quot;pere-dalberni-a-la-columbia-britanica-1790-1792&quot;,&quot;thumbnail&quot;:{&quot;url&quot;:false,&quot;alt&quot;:false},&quot;title&quot;:&quot;Pere D\\u2019Albern\\u00ed a la Col\\u00fambia Brit\\u00e0nica, 1790-1792&quot;,&quot;postMeta&quot;:[],&quot;author&quot;:{&quot;name&quot;:&quot;admin&quot;,&quot;link&quot;:&quot;https:\\\/\\\/casalcatala.ca\\\/CAT\\\/author\\\/admin\\\/&quot;},&quot;date&quot;:&quot;Feb 5, 2025&quot;,&quot;dateGMT&quot;:&quot;2025-02-04 22:44:47&quot;,&quot;modifiedDate&quot;:&quot;2025-10-23 06:10:06&quot;,&quot;modifiedDateGMT&quot;:&quot;2025-10-22 22:10:06&quot;,&quot;commentCount&quot;:&quot;0&quot;,&quot;commentStatus&quot;:&quot;closed&quot;,&quot;categories&quot;:{&quot;coma&quot;:&quot;&lt;a href=\\&quot;https:\\\/\\\/casalcatala.ca\\\/CAT\\\/category\\\/pcpn\\\/\\&quot; rel=\\&quot;category tag\\&quot;&gt;PCPN&lt;\\\/a&gt;&quot;,&quot;space&quot;:&quot;&lt;a href=\\&quot;https:\\\/\\\/casalcatala.ca\\\/CAT\\\/category\\\/pcpn\\\/\\&quot; rel=\\&quot;category tag\\&quot;&gt;PCPN&lt;\\\/a&gt;&quot;},&quot;taxonomies&quot;:{&quot;post_tag&quot;:&quot;&quot;},&quot;readTime&quot;:{&quot;min&quot;:6,&quot;sec&quot;:52},&quot;status&quot;:&quot;publish&quot;,&quot;content&quot;:&quot;El 29 d\\u2019agost del 1789, el Virrei en Manuel Antonio Flores, orden\\u00e0 que un destacament dels Voluntaris de Catalunya, s\\u2019envi\\u00e9s a Nootka Sound (Illa de&quot;},{&quot;id&quot;:284,&quot;link&quot;:&quot;https:\\\/\\\/casalcatala.ca\\\/CAT\\\/2025\\\/02\\\/05\\\/nuu-chah-nulth-els-nadius-de-nootka-sound\\\/&quot;,&quot;name&quot;:&quot;nuu-chah-nulth-els-nadius-de-nootka-sound&quot;,&quot;thumbnail&quot;:{&quot;url&quot;:false,&quot;alt&quot;:false},&quot;title&quot;:&quot;Nuu-Chah-Nulth: Els nadius de Nootka Sound&quot;,&quot;postMeta&quot;:[],&quot;author&quot;:{&quot;name&quot;:&quot;admin&quot;,&quot;link&quot;:&quot;https:\\\/\\\/casalcatala.ca\\\/CAT\\\/author\\\/admin\\\/&quot;},&quot;date&quot;:&quot;Feb 5, 2025&quot;,&quot;dateGMT&quot;:&quot;2025-02-04 23:16:47&quot;,&quot;modifiedDate&quot;:&quot;2025-10-23 06:10:37&quot;,&quot;modifiedDateGMT&quot;:&quot;2025-10-22 22:10:37&quot;,&quot;commentCount&quot;:&quot;0&quot;,&quot;commentStatus&quot;:&quot;closed&quot;,&quot;categories&quot;:{&quot;coma&quot;:&quot;&lt;a href=\\&quot;https:\\\/\\\/casalcatala.ca\\\/CAT\\\/category\\\/pcpn\\\/\\&quot; rel=\\&quot;category tag\\&quot;&gt;PCPN&lt;\\\/a&gt;&quot;,&quot;space&quot;:&quot;&lt;a href=\\&quot;https:\\\/\\\/casalcatala.ca\\\/CAT\\\/category\\\/pcpn\\\/\\&quot; rel=\\&quot;category tag\\&quot;&gt;PCPN&lt;\\\/a&gt;&quot;},&quot;taxonomies&quot;:{&quot;post_tag&quot;:&quot;&quot;},&quot;readTime&quot;:{&quot;min&quot;:7,&quot;sec&quot;:33},&quot;status&quot;:&quot;publish&quot;,&quot;content&quot;:&quot;A la costa nord-oest del Pac\\u00edfic, que va des d&#039;Alaska fins a la desembocadura del riu Columbia (entre els actuals estats de Washington i Oregon)&quot;},{&quot;id&quot;:251,&quot;link&quot;:&quot;https:\\\/\\\/casalcatala.ca\\\/CAT\\\/2025\\\/02\\\/05\\\/la-companyia-de-voluntaris-de-catalunya\\\/&quot;,&quot;name&quot;:&quot;la-companyia-de-voluntaris-de-catalunya&quot;,&quot;thumbnail&quot;:{&quot;url&quot;:false,&quot;alt&quot;:false},&quot;title&quot;:&quot;La companyia de voluntaris de Catalunya&quot;,&quot;postMeta&quot;:[],&quot;author&quot;:{&quot;name&quot;:&quot;admin&quot;,&quot;link&quot;:&quot;https:\\\/\\\/casalcatala.ca\\\/CAT\\\/author\\\/admin\\\/&quot;},&quot;date&quot;:&quot;Feb 5, 2025&quot;,&quot;dateGMT&quot;:&quot;2025-02-04 22:24:31&quot;,&quot;modifiedDate&quot;:&quot;2025-10-23 06:12:12&quot;,&quot;modifiedDateGMT&quot;:&quot;2025-10-22 22:12:12&quot;,&quot;commentCount&quot;:&quot;0&quot;,&quot;commentStatus&quot;:&quot;closed&quot;,&quot;categories&quot;:{&quot;coma&quot;:&quot;&lt;a href=\\&quot;https:\\\/\\\/casalcatala.ca\\\/CAT\\\/category\\\/pcpn\\\/\\&quot; rel=\\&quot;category tag\\&quot;&gt;PCPN&lt;\\\/a&gt;&quot;,&quot;space&quot;:&quot;&lt;a href=\\&quot;https:\\\/\\\/casalcatala.ca\\\/CAT\\\/category\\\/pcpn\\\/\\&quot; rel=\\&quot;category tag\\&quot;&gt;PCPN&lt;\\\/a&gt;&quot;},&quot;taxonomies&quot;:{&quot;post_tag&quot;:&quot;&quot;},&quot;readTime&quot;:{&quot;min&quot;:7,&quot;sec&quot;:42},&quot;status&quot;:&quot;publish&quot;,&quot;content&quot;:&quot;Aquest cos militar es va formar el 12 de maig del 1762, arrel de la intervenci\\u00f3 del rei Carles III a la Guerra dels Set&quot;},{&quot;id&quot;:297,&quot;link&quot;:&quot;https:\\\/\\\/casalcatala.ca\\\/CAT\\\/2025\\\/02\\\/05\\\/joan-perez-hernandez-primer-navegant-europeu-a-les-costes-de-la-columbia-britanica\\\/&quot;,&quot;name&quot;:&quot;joan-perez-hernandez-primer-navegant-europeu-a-les-costes-de-la-columbia-britanica&quot;,&quot;thumbnail&quot;:{&quot;url&quot;:false,&quot;alt&quot;:false},&quot;title&quot;:&quot;Joan Perez Hernandez, primer navegant europeu a les costes de la Col\\u00fambia Brit\\u00e0nica&quot;,&quot;postMeta&quot;:[],&quot;author&quot;:{&quot;name&quot;:&quot;admin&quot;,&quot;link&quot;:&quot;https:\\\/\\\/casalcatala.ca\\\/CAT\\\/author\\\/admin\\\/&quot;},&quot;date&quot;:&quot;Feb 5, 2025&quot;,&quot;dateGMT&quot;:&quot;2025-02-04 23:28:00&quot;,&quot;modifiedDate&quot;:&quot;2025-10-23 06:11:14&quot;,&quot;modifiedDateGMT&quot;:&quot;2025-10-22 22:11:14&quot;,&quot;commentCount&quot;:&quot;0&quot;,&quot;commentStatus&quot;:&quot;closed&quot;,&quot;categories&quot;:{&quot;coma&quot;:&quot;&lt;a href=\\&quot;https:\\\/\\\/casalcatala.ca\\\/CAT\\\/category\\\/pcpn\\\/\\&quot; rel=\\&quot;category tag\\&quot;&gt;PCPN&lt;\\\/a&gt;&quot;,&quot;space&quot;:&quot;&lt;a href=\\&quot;https:\\\/\\\/casalcatala.ca\\\/CAT\\\/category\\\/pcpn\\\/\\&quot; rel=\\&quot;category tag\\&quot;&gt;PCPN&lt;\\\/a&gt;&quot;},&quot;taxonomies&quot;:{&quot;post_tag&quot;:&quot;&quot;},&quot;readTime&quot;:{&quot;min&quot;:6,&quot;sec&quot;:42},&quot;status&quot;:&quot;publish&quot;,&quot;content&quot;:&quot;Segons els escrits dels frares franciscans Jun\\u00edpero Serra i Francesc Palau, el pilot de la Marina Real espanyola i Alferes de Fragata, Joan Perez, era&quot;},{&quot;id&quot;:299,&quot;link&quot;:&quot;https:\\\/\\\/casalcatala.ca\\\/CAT\\\/2025\\\/02\\\/05\\\/joan-josep-de-la-creu-espi\\\/&quot;,&quot;name&quot;:&quot;joan-josep-de-la-creu-espi&quot;,&quot;thumbnail&quot;:{&quot;url&quot;:false,&quot;alt&quot;:false},&quot;title&quot;:&quot;Joan Josep de la Creu Esp\\u00ed&quot;,&quot;postMeta&quot;:[],&quot;author&quot;:{&quot;name&quot;:&quot;admin&quot;,&quot;link&quot;:&quot;https:\\\/\\\/casalcatala.ca\\\/CAT\\\/author\\\/admin\\\/&quot;},&quot;date&quot;:&quot;Feb 5, 2025&quot;,&quot;dateGMT&quot;:&quot;2025-02-04 23:29:14&quot;,&quot;modifiedDate&quot;:&quot;2025-02-05 07:29:55&quot;,&quot;modifiedDateGMT&quot;:&quot;2025-02-04 23:29:55&quot;,&quot;commentCount&quot;:&quot;0&quot;,&quot;commentStatus&quot;:&quot;closed&quot;,&quot;categories&quot;:{&quot;coma&quot;:&quot;&lt;a href=\\&quot;https:\\\/\\\/casalcatala.ca\\\/CAT\\\/category\\\/pcpn\\\/\\&quot; rel=\\&quot;category tag\\&quot;&gt;PCPN&lt;\\\/a&gt;&quot;,&quot;space&quot;:&quot;&lt;a href=\\&quot;https:\\\/\\\/casalcatala.ca\\\/CAT\\\/category\\\/pcpn\\\/\\&quot; rel=\\&quot;category tag\\&quot;&gt;PCPN&lt;\\\/a&gt;&quot;},&quot;taxonomies&quot;:{&quot;post_tag&quot;:&quot;&quot;},&quot;readTime&quot;:{&quot;min&quot;:1,&quot;sec&quot;:12},&quot;status&quot;:&quot;publish&quot;,&quot;content&quot;:&quot;V.P. JUAN-JOSE DE LA CRUZ ESPI, conocido generalmente por el P. Valencia, que n. en Valencia en 2-V-1763; v. el h. en la Obs. de&quot;},{&quot;id&quot;:292,&quot;link&quot;:&quot;https:\\\/\\\/casalcatala.ca\\\/CAT\\\/2025\\\/02\\\/05\\\/fra-magi-catala-i-guasch\\\/&quot;,&quot;name&quot;:&quot;fra-magi-catala-i-guasch&quot;,&quot;thumbnail&quot;:{&quot;url&quot;:false,&quot;alt&quot;:false},&quot;title&quot;:&quot;Fra Mag\\u00ed Catal\\u00e0 I Guasch&quot;,&quot;postMeta&quot;:[],&quot;author&quot;:{&quot;name&quot;:&quot;admin&quot;,&quot;link&quot;:&quot;https:\\\/\\\/casalcatala.ca\\\/CAT\\\/author\\\/admin\\\/&quot;},&quot;date&quot;:&quot;Feb 5, 2025&quot;,&quot;dateGMT&quot;:&quot;2025-02-04 23:24:30&quot;,&quot;modifiedDate&quot;:&quot;2025-10-23 06:08:29&quot;,&quot;modifiedDateGMT&quot;:&quot;2025-10-22 22:08:29&quot;,&quot;commentCount&quot;:&quot;0&quot;,&quot;commentStatus&quot;:&quot;closed&quot;,&quot;categories&quot;:{&quot;coma&quot;:&quot;&lt;a href=\\&quot;https:\\\/\\\/casalcatala.ca\\\/CAT\\\/category\\\/pcpn\\\/\\&quot; rel=\\&quot;category tag\\&quot;&gt;PCPN&lt;\\\/a&gt;&quot;,&quot;space&quot;:&quot;&lt;a href=\\&quot;https:\\\/\\\/casalcatala.ca\\\/CAT\\\/category\\\/pcpn\\\/\\&quot; rel=\\&quot;category tag\\&quot;&gt;PCPN&lt;\\\/a&gt;&quot;},&quot;taxonomies&quot;:{&quot;post_tag&quot;:&quot;&quot;},&quot;readTime&quot;:{&quot;min&quot;:4,&quot;sec&quot;:48},&quot;status&quot;:&quot;publish&quot;,&quot;content&quot;:&quot;Fra Mag\\u00ed Catal\\u00e0 va n\\u00e8ixer el dia 29 o 30 de gener del 1761, junt amb un altre germ\\u00e0 bess\\u00f3. Era fill dels consorts Maties&quot;},{&quot;id&quot;:290,&quot;link&quot;:&quot;https:\\\/\\\/casalcatala.ca\\\/CAT\\\/2025\\\/02\\\/05\\\/felip-bauza-i-canas-un-mallorqui-a-les-costes-de-la-columbia-britanica\\\/&quot;,&quot;name&quot;:&quot;felip-bauza-i-canas-un-mallorqui-a-les-costes-de-la-columbia-britanica&quot;,&quot;thumbnail&quot;:{&quot;url&quot;:false,&quot;alt&quot;:false},&quot;title&quot;:&quot;Felip Bauza I Ca\\u00f1as. Un mallorqu\\u00ed a les costes de la Col\\u00fambia Brit\\u00e0nica&quot;,&quot;postMeta&quot;:[],&quot;author&quot;:{&quot;name&quot;:&quot;admin&quot;,&quot;link&quot;:&quot;https:\\\/\\\/casalcatala.ca\\\/CAT\\\/author\\\/admin\\\/&quot;},&quot;date&quot;:&quot;Feb 5, 2025&quot;,&quot;dateGMT&quot;:&quot;2025-02-04 23:23:24&quot;,&quot;modifiedDate&quot;:&quot;2025-02-05 07:23:25&quot;,&quot;modifiedDateGMT&quot;:&quot;2025-02-04 23:23:25&quot;,&quot;commentCount&quot;:&quot;0&quot;,&quot;commentStatus&quot;:&quot;closed&quot;,&quot;categories&quot;:{&quot;coma&quot;:&quot;&lt;a href=\\&quot;https:\\\/\\\/casalcatala.ca\\\/CAT\\\/category\\\/pcpn\\\/\\&quot; rel=\\&quot;category tag\\&quot;&gt;PCPN&lt;\\\/a&gt;&quot;,&quot;space&quot;:&quot;&lt;a href=\\&quot;https:\\\/\\\/casalcatala.ca\\\/CAT\\\/category\\\/pcpn\\\/\\&quot; rel=\\&quot;category tag\\&quot;&gt;PCPN&lt;\\\/a&gt;&quot;},&quot;taxonomies&quot;:{&quot;post_tag&quot;:&quot;&quot;},&quot;readTime&quot;:{&quot;min&quot;:5,&quot;sec&quot;:10},&quot;status&quot;:&quot;publish&quot;,&quot;content&quot;:&quot;Felip Bauza va n\\u00e8ixer un 17 d&#039;octubre del 1764 a Ciutat de Mallorca. Els seus pares eran Bartolomeu Bauza de Dei\\u00e0 (Illa de Mallorca) i&quot;},{&quot;id&quot;:302,&quot;link&quot;:&quot;https:\\\/\\\/casalcatala.ca\\\/CAT\\\/2025\\\/02\\\/05\\\/el-missioner-fra-josep-espi\\\/&quot;,&quot;name&quot;:&quot;el-missioner-fra-josep-espi&quot;,&quot;thumbnail&quot;:{&quot;url&quot;:false,&quot;alt&quot;:false},&quot;title&quot;:&quot;El missioner Fra Josep Esp\\u00ed&quot;,&quot;postMeta&quot;:[],&quot;author&quot;:{&quot;name&quot;:&quot;admin&quot;,&quot;link&quot;:&quot;https:\\\/\\\/casalcatala.ca\\\/CAT\\\/author\\\/admin\\\/&quot;},&quot;date&quot;:&quot;Feb 5, 2025&quot;,&quot;dateGMT&quot;:&quot;2025-02-04 23:30:33&quot;,&quot;modifiedDate&quot;:&quot;2025-02-05 07:30:33&quot;,&quot;modifiedDateGMT&quot;:&quot;2025-02-04 23:30:33&quot;,&quot;commentCount&quot;:&quot;0&quot;,&quot;commentStatus&quot;:&quot;closed&quot;,&quot;categories&quot;:{&quot;coma&quot;:&quot;&lt;a href=\\&quot;https:\\\/\\\/casalcatala.ca\\\/CAT\\\/category\\\/pcpn\\\/\\&quot; rel=\\&quot;category tag\\&quot;&gt;PCPN&lt;\\\/a&gt;&quot;,&quot;space&quot;:&quot;&lt;a href=\\&quot;https:\\\/\\\/casalcatala.ca\\\/CAT\\\/category\\\/pcpn\\\/\\&quot; rel=\\&quot;category tag\\&quot;&gt;PCPN&lt;\\\/a&gt;&quot;},&quot;taxonomies&quot;:{&quot;post_tag&quot;:&quot;&quot;},&quot;readTime&quot;:{&quot;min&quot;:0,&quot;sec&quot;:52},&quot;status&quot;:&quot;publish&quot;,&quot;content&quot;:&quot;No queda gaire clar el nom de pila d\\u2019aquest missioner. El P. Engelhardt parl\\u00e0 sempre del P. Josep de la Creu Espi, que va embarcar&quot;},{&quot;id&quot;:294,&quot;link&quot;:&quot;https:\\\/\\\/casalcatala.ca\\\/CAT\\\/2025\\\/02\\\/05\\\/el-francisca-fra-joan-crespi-i-fiol\\\/&quot;,&quot;name&quot;:&quot;el-francisca-fra-joan-crespi-i-fiol&quot;,&quot;thumbnail&quot;:{&quot;url&quot;:false,&quot;alt&quot;:false},&quot;title&quot;:&quot;El francisc\\u00e0 Fra Joan Cresp\\u00ed I Fiol&quot;,&quot;postMeta&quot;:[],&quot;author&quot;:{&quot;name&quot;:&quot;admin&quot;,&quot;link&quot;:&quot;https:\\\/\\\/casalcatala.ca\\\/CAT\\\/author\\\/admin\\\/&quot;},&quot;date&quot;:&quot;Feb 5, 2025&quot;,&quot;dateGMT&quot;:&quot;2025-02-04 23:26:01&quot;,&quot;modifiedDate&quot;:&quot;2025-02-05 07:26:31&quot;,&quot;modifiedDateGMT&quot;:&quot;2025-02-04 23:26:31&quot;,&quot;commentCount&quot;:&quot;0&quot;,&quot;commentStatus&quot;:&quot;closed&quot;,&quot;categories&quot;:{&quot;coma&quot;:&quot;&lt;a href=\\&quot;https:\\\/\\\/casalcatala.ca\\\/CAT\\\/category\\\/pcpn\\\/\\&quot; rel=\\&quot;category tag\\&quot;&gt;PCPN&lt;\\\/a&gt;&quot;,&quot;space&quot;:&quot;&lt;a href=\\&quot;https:\\\/\\\/casalcatala.ca\\\/CAT\\\/category\\\/pcpn\\\/\\&quot; rel=\\&quot;category tag\\&quot;&gt;PCPN&lt;\\\/a&gt;&quot;},&quot;taxonomies&quot;:{&quot;post_tag&quot;:&quot;&quot;},&quot;readTime&quot;:{&quot;min&quot;:0,&quot;sec&quot;:57},&quot;status&quot;:&quot;publish&quot;,&quot;content&quot;:&quot;Va n\\u00e8ixer a Mallorca, l&#039;1 de Mar\\u00e7 del 1721. Ordenat el 1746 com a francisc\\u00e0, va col.laborar amb Fra Ginebre Serra a la Universitat Lul.liana&quot;},{&quot;id&quot;:279,&quot;link&quot;:&quot;https:\\\/\\\/casalcatala.ca\\\/CAT\\\/2025\\\/02\\\/05\\\/chief-maquinna\\\/&quot;,&quot;name&quot;:&quot;chief-maquinna&quot;,&quot;thumbnail&quot;:{&quot;url&quot;:false,&quot;alt&quot;:false},&quot;title&quot;:&quot;Chief Maquinna&quot;,&quot;postMeta&quot;:[],&quot;author&quot;:{&quot;name&quot;:&quot;admin&quot;,&quot;link&quot;:&quot;https:\\\/\\\/casalcatala.ca\\\/CAT\\\/author\\\/admin\\\/&quot;},&quot;date&quot;:&quot;Feb 5, 2025&quot;,&quot;dateGMT&quot;:&quot;2025-02-04 23:06:21&quot;,&quot;modifiedDate&quot;:&quot;2025-10-23 06:17:25&quot;,&quot;modifiedDateGMT&quot;:&quot;2025-10-22 22:17:25&quot;,&quot;commentCount&quot;:&quot;0&quot;,&quot;commentStatus&quot;:&quot;closed&quot;,&quot;categories&quot;:{&quot;coma&quot;:&quot;&lt;a href=\\&quot;https:\\\/\\\/casalcatala.ca\\\/CAT\\\/category\\\/pcpn\\\/\\&quot; rel=\\&quot;category tag\\&quot;&gt;PCPN&lt;\\\/a&gt;&quot;,&quot;space&quot;:&quot;&lt;a href=\\&quot;https:\\\/\\\/casalcatala.ca\\\/CAT\\\/category\\\/pcpn\\\/\\&quot; rel=\\&quot;category tag\\&quot;&gt;PCPN&lt;\\\/a&gt;&quot;},&quot;taxonomies&quot;:{&quot;post_tag&quot;:&quot;&quot;},&quot;readTime&quot;:{&quot;min&quot;:0,&quot;sec&quot;:25},&quot;status&quot;:&quot;publish&quot;,&quot;content&quot;:&quot;Dibuix del Chief Maquinna cap de de la naci\\u00f3 NUU-CHAH-NULTH (Nootka) de les Primeres Nacions de Canad\\u00e0. Va ser fet pel valenci\\u00e0&nbsp;Tom\\u00e0s de Suria&nbsp;el 1791&quot;},{&quot;id&quot;:308,&quot;link&quot;:&quot;https:\\\/\\\/casalcatala.ca\\\/CAT\\\/2025\\\/02\\\/05\\\/an-homage-to-the-life-of-pere-alberni-celebration-at-the-vancouver-museum\\\/&quot;,&quot;name&quot;:&quot;an-homage-to-the-life-of-pere-alberni-celebration-at-the-vancouver-museum&quot;,&quot;thumbnail&quot;:{&quot;url&quot;:false,&quot;alt&quot;:false},&quot;title&quot;:&quot;An homage to the life of Pere Alberni. Celebration at the Vancouver Museum.&quot;,&quot;postMeta&quot;:[],&quot;author&quot;:{&quot;name&quot;:&quot;admin&quot;,&quot;link&quot;:&quot;https:\\\/\\\/casalcatala.ca\\\/CAT\\\/author\\\/admin\\\/&quot;},&quot;date&quot;:&quot;Feb 5, 2025&quot;,&quot;dateGMT&quot;:&quot;2025-02-04 23:41:56&quot;,&quot;modifiedDate&quot;:&quot;2025-10-23 06:13:01&quot;,&quot;modifiedDateGMT&quot;:&quot;2025-10-22 22:13:01&quot;,&quot;commentCount&quot;:&quot;0&quot;,&quot;commentStatus&quot;:&quot;closed&quot;,&quot;categories&quot;:{&quot;coma&quot;:&quot;&lt;a href=\\&quot;https:\\\/\\\/casalcatala.ca\\\/CAT\\\/category\\\/pcpn\\\/\\&quot; rel=\\&quot;category tag\\&quot;&gt;PCPN&lt;\\\/a&gt;&quot;,&quot;space&quot;:&quot;&lt;a href=\\&quot;https:\\\/\\\/casalcatala.ca\\\/CAT\\\/category\\\/pcpn\\\/\\&quot; rel=\\&quot;category tag\\&quot;&gt;PCPN&lt;\\\/a&gt;&quot;},&quot;taxonomies&quot;:{&quot;post_tag&quot;:&quot;&quot;},&quot;readTime&quot;:{&quot;min&quot;:11,&quot;sec&quot;:3},&quot;status&quot;:&quot;publish&quot;,&quot;content&quot;:&quot;An homage to the life of&nbsp;Pere Alberni&nbsp;was held on Saturday March 9th at 7:00pm at the Vancouver Museum. March 11th, 2002, which has been officially&quot;},{&quot;id&quot;:267,&quot;link&quot;:&quot;https:\\\/\\\/casalcatala.ca\\\/CAT\\\/2025\\\/02\\\/05\\\/acta-literal-de-la-partida-de-baptisme-llorenc-socies\\\/&quot;,&quot;name&quot;:&quot;acta-literal-de-la-partida-de-baptisme-llorenc-socies&quot;,&quot;thumbnail&quot;:{&quot;url&quot;:false,&quot;alt&quot;:false},&quot;title&quot;:&quot;Acta literal de la partida de baptisme Lloren\\u00e7 Socies&quot;,&quot;postMeta&quot;:[],&quot;author&quot;:{&quot;name&quot;:&quot;admin&quot;,&quot;link&quot;:&quot;https:\\\/\\\/casalcatala.ca\\\/CAT\\\/author\\\/admin\\\/&quot;},&quot;date&quot;:&quot;Feb 5, 2025&quot;,&quot;dateGMT&quot;:&quot;2025-02-04 22:40:58&quot;,&quot;modifiedDate&quot;:&quot;2025-10-23 06:13:45&quot;,&quot;modifiedDateGMT&quot;:&quot;2025-10-22 22:13:45&quot;,&quot;commentCount&quot;:&quot;0&quot;,&quot;commentStatus&quot;:&quot;closed&quot;,&quot;categories&quot;:{&quot;coma&quot;:&quot;&lt;a href=\\&quot;https:\\\/\\\/casalcatala.ca\\\/CAT\\\/category\\\/pcpn\\\/\\&quot; rel=\\&quot;category tag\\&quot;&gt;PCPN&lt;\\\/a&gt;&quot;,&quot;space&quot;:&quot;&lt;a href=\\&quot;https:\\\/\\\/casalcatala.ca\\\/CAT\\\/category\\\/pcpn\\\/\\&quot; rel=\\&quot;category tag\\&quot;&gt;PCPN&lt;\\\/a&gt;&quot;},&quot;taxonomies&quot;:{&quot;post_tag&quot;:&quot;&quot;},&quot;readTime&quot;:{&quot;min&quot;:0,&quot;sec&quot;:39},&quot;status&quot;:&quot;publish&quot;,&quot;content&quot;:&quot;Llibre de Baptismes de Lluchmajor, 1752-60, fol. 295, r-v. Arxiu Dioces\\u00e0 de Mallorca, 1\\\/55 B\\\/19 Als onse Agost mil setcens sinquante y nou, yo abaix&quot;},{&quot;id&quot;:265,&quot;link&quot;:&quot;https:\\\/\\\/casalcatala.ca\\\/CAT\\\/2025\\\/02\\\/05\\\/acta-literal-de-la-partida-de-baptisme-de-salvador-fidalgo\\\/&quot;,&quot;name&quot;:&quot;acta-literal-de-la-partida-de-baptisme-de-salvador-fidalgo&quot;,&quot;thumbnail&quot;:{&quot;url&quot;:false,&quot;alt&quot;:false},&quot;title&quot;:&quot;Acta literal de la partida de Baptisme de Salvador Fidalgo&quot;,&quot;postMeta&quot;:[],&quot;author&quot;:{&quot;name&quot;:&quot;admin&quot;,&quot;link&quot;:&quot;https:\\\/\\\/casalcatala.ca\\\/CAT\\\/author\\\/admin\\\/&quot;},&quot;date&quot;:&quot;Feb 5, 2025&quot;,&quot;dateGMT&quot;:&quot;2025-02-04 22:40:20&quot;,&quot;modifiedDate&quot;:&quot;2025-10-23 06:13:59&quot;,&quot;modifiedDateGMT&quot;:&quot;2025-10-22 22:13:59&quot;,&quot;commentCount&quot;:&quot;0&quot;,&quot;commentStatus&quot;:&quot;closed&quot;,&quot;categories&quot;:{&quot;coma&quot;:&quot;&lt;a href=\\&quot;https:\\\/\\\/casalcatala.ca\\\/CAT\\\/category\\\/pcpn\\\/\\&quot; rel=\\&quot;category tag\\&quot;&gt;PCPN&lt;\\\/a&gt;&quot;,&quot;space&quot;:&quot;&lt;a href=\\&quot;https:\\\/\\\/casalcatala.ca\\\/CAT\\\/category\\\/pcpn\\\/\\&quot; rel=\\&quot;category tag\\&quot;&gt;PCPN&lt;\\\/a&gt;&quot;},&quot;taxonomies&quot;:{&quot;post_tag&quot;:&quot;&quot;},&quot;readTime&quot;:{&quot;min&quot;:0,&quot;sec&quot;:49},&quot;status&quot;:&quot;publish&quot;,&quot;content&quot;:&quot;\\&quot;Dia sis del mes d&#039;Agost de 1756. Jo, Josep Camp\\u00e0 i Simeon, prevere i Rector de Sant Ot de la Ciutat d&#039;Urgell, segons el ritus&quot;},{&quot;id&quot;:263,&quot;link&quot;:&quot;https:\\\/\\\/casalcatala.ca\\\/CAT\\\/2025\\\/02\\\/05\\\/acta-literal-de-la-partida-de-baptisme-de-fra-magi-catala-guasch\\\/&quot;,&quot;name&quot;:&quot;acta-literal-de-la-partida-de-baptisme-de-fra-magi-catala-guasch&quot;,&quot;thumbnail&quot;:{&quot;url&quot;:false,&quot;alt&quot;:false},&quot;title&quot;:&quot;Acta literal de la partida de baptisme de Fra Mag\\u00ed Catal\\u00e0 Guasch&quot;,&quot;postMeta&quot;:[],&quot;author&quot;:{&quot;name&quot;:&quot;admin&quot;,&quot;link&quot;:&quot;https:\\\/\\\/casalcatala.ca\\\/CAT\\\/author\\\/admin\\\/&quot;},&quot;date&quot;:&quot;Feb 5, 2025&quot;,&quot;dateGMT&quot;:&quot;2025-02-04 22:38:17&quot;,&quot;modifiedDate&quot;:&quot;2025-10-23 06:14:19&quot;,&quot;modifiedDateGMT&quot;:&quot;2025-10-22 22:14:19&quot;,&quot;commentCount&quot;:&quot;0&quot;,&quot;commentStatus&quot;:&quot;closed&quot;,&quot;categories&quot;:{&quot;coma&quot;:&quot;&lt;a href=\\&quot;https:\\\/\\\/casalcatala.ca\\\/CAT\\\/category\\\/pcpn\\\/\\&quot; rel=\\&quot;category tag\\&quot;&gt;PCPN&lt;\\\/a&gt;&quot;,&quot;space&quot;:&quot;&lt;a href=\\&quot;https:\\\/\\\/casalcatala.ca\\\/CAT\\\/category\\\/pcpn\\\/\\&quot; rel=\\&quot;category tag\\&quot;&gt;PCPN&lt;\\\/a&gt;&quot;},&quot;taxonomies&quot;:{&quot;post_tag&quot;:&quot;&quot;},&quot;readTime&quot;:{&quot;min&quot;:0,&quot;sec&quot;:39},&quot;status&quot;:&quot;publish&quot;,&quot;content&quot;:&quot;Llibre de Baptismes de la Parr\\u00f2quia de Santa Maria la Major . TomoIV (1756-1771), Foli 87, ver. n. 13 Vuy dissabte que comtam als 31&quot;},{&quot;id&quot;:269,&quot;link&quot;:&quot;https:\\\/\\\/casalcatala.ca\\\/CAT\\\/2025\\\/02\\\/05\\\/acta-literal-de-la-partida-de-baptisme-den-pere-dalberni\\\/&quot;,&quot;name&quot;:&quot;acta-literal-de-la-partida-de-baptisme-den-pere-dalberni&quot;,&quot;thumbnail&quot;:{&quot;url&quot;:false,&quot;alt&quot;:false},&quot;title&quot;:&quot;Acta literal de la partida de baptisme d&#039;en Pere d&#039;Albern\\u00ed&quot;,&quot;postMeta&quot;:[],&quot;author&quot;:{&quot;name&quot;:&quot;admin&quot;,&quot;link&quot;:&quot;https:\\\/\\\/casalcatala.ca\\\/CAT\\\/author\\\/admin\\\/&quot;},&quot;date&quot;:&quot;Feb 5, 2025&quot;,&quot;dateGMT&quot;:&quot;2025-02-04 22:42:59&quot;,&quot;modifiedDate&quot;:&quot;2025-10-23 06:13:30&quot;,&quot;modifiedDateGMT&quot;:&quot;2025-10-22 22:13:30&quot;,&quot;commentCount&quot;:&quot;0&quot;,&quot;commentStatus&quot;:&quot;closed&quot;,&quot;categories&quot;:{&quot;coma&quot;:&quot;&lt;a href=\\&quot;https:\\\/\\\/casalcatala.ca\\\/CAT\\\/category\\\/pcpn\\\/\\&quot; rel=\\&quot;category tag\\&quot;&gt;PCPN&lt;\\\/a&gt;&quot;,&quot;space&quot;:&quot;&lt;a href=\\&quot;https:\\\/\\\/casalcatala.ca\\\/CAT\\\/category\\\/pcpn\\\/\\&quot; rel=\\&quot;category tag\\&quot;&gt;PCPN&lt;\\\/a&gt;&quot;},&quot;taxonomies&quot;:{&quot;post_tag&quot;:&quot;&quot;},&quot;readTime&quot;:{&quot;min&quot;:0,&quot;sec&quot;:30},&quot;status&quot;:&quot;publish&quot;,&quot;content&quot;:&quot;Llibre de Baptismes #11 fol.li 89 de l&#039;Arxiu Capitular de Tortosa. Lunes dia treinta de enero de mil setecientos cuarenta y siete. Yo Mnsr. Joachin&quot;},{&quot;id&quot;:261,&quot;link&quot;:&quot;https:\\\/\\\/casalcatala.ca\\\/CAT\\\/2025\\\/02\\\/05\\\/acta-literal-de-la-partida-de-baptisme-den-joan-baptista-crespi\\\/&quot;,&quot;name&quot;:&quot;acta-literal-de-la-partida-de-baptisme-den-joan-baptista-crespi&quot;,&quot;thumbnail&quot;:{&quot;url&quot;:false,&quot;alt&quot;:false},&quot;title&quot;:&quot;Acta literal de la partida de baptisme d&#039;en Joan Baptista Cresp\\u00ed&quot;,&quot;postMeta&quot;:[],&quot;author&quot;:{&quot;name&quot;:&quot;admin&quot;,&quot;link&quot;:&quot;https:\\\/\\\/casalcatala.ca\\\/CAT\\\/author\\\/admin\\\/&quot;},&quot;date&quot;:&quot;Feb 5, 2025&quot;,&quot;dateGMT&quot;:&quot;2025-02-04 22:36:51&quot;,&quot;modifiedDate&quot;:&quot;2025-02-05 06:36:51&quot;,&quot;modifiedDateGMT&quot;:&quot;2025-02-04 22:36:51&quot;,&quot;commentCount&quot;:&quot;0&quot;,&quot;commentStatus&quot;:&quot;closed&quot;,&quot;categories&quot;:{&quot;coma&quot;:&quot;&lt;a href=\\&quot;https:\\\/\\\/casalcatala.ca\\\/CAT\\\/category\\\/pcpn\\\/\\&quot; rel=\\&quot;category tag\\&quot;&gt;PCPN&lt;\\\/a&gt;&quot;,&quot;space&quot;:&quot;&lt;a href=\\&quot;https:\\\/\\\/casalcatala.ca\\\/CAT\\\/category\\\/pcpn\\\/\\&quot; rel=\\&quot;category tag\\&quot;&gt;PCPN&lt;\\\/a&gt;&quot;},&quot;taxonomies&quot;:{&quot;post_tag&quot;:&quot;&quot;},&quot;readTime&quot;:{&quot;min&quot;:0,&quot;sec&quot;:32},&quot;status&quot;:&quot;publish&quot;,&quot;content&quot;:&quot;Llibre de Baptismes de la Catedral de Mallorca, 1720-27, fol. 32 Joan Baptista Cresp\\u00ed. Sant Jaume. Als 2 Mars 1721 baptitz\\u00ed jo lo Dr. Joseph&quot;},{&quot;id&quot;:259,&quot;link&quot;:&quot;https:\\\/\\\/casalcatala.ca\\\/CAT\\\/2025\\\/02\\\/05\\\/acta-de-defuncio-den-pere-dalberni\\\/&quot;,&quot;name&quot;:&quot;acta-de-defuncio-den-pere-dalberni&quot;,&quot;thumbnail&quot;:{&quot;url&quot;:false,&quot;alt&quot;:false},&quot;title&quot;:&quot;Acta de defunci\\u00f3 d&#039;en Pere d&#039;Albern\\u00ed&quot;,&quot;postMeta&quot;:[],&quot;author&quot;:{&quot;name&quot;:&quot;admin&quot;,&quot;link&quot;:&quot;https:\\\/\\\/casalcatala.ca\\\/CAT\\\/author\\\/admin\\\/&quot;},&quot;date&quot;:&quot;Feb 5, 2025&quot;,&quot;dateGMT&quot;:&quot;2025-02-04 22:34:24&quot;,&quot;modifiedDate&quot;:&quot;2025-02-05 06:34:25&quot;,&quot;modifiedDateGMT&quot;:&quot;2025-02-04 22:34:25&quot;,&quot;commentCount&quot;:&quot;0&quot;,&quot;commentStatus&quot;:&quot;closed&quot;,&quot;categories&quot;:{&quot;coma&quot;:&quot;&lt;a href=\\&quot;https:\\\/\\\/casalcatala.ca\\\/CAT\\\/category\\\/pcpn\\\/\\&quot; rel=\\&quot;category tag\\&quot;&gt;PCPN&lt;\\\/a&gt;&quot;,&quot;space&quot;:&quot;&lt;a href=\\&quot;https:\\\/\\\/casalcatala.ca\\\/CAT\\\/category\\\/pcpn\\\/\\&quot; rel=\\&quot;category tag\\&quot;&gt;PCPN&lt;\\\/a&gt;&quot;},&quot;taxonomies&quot;:{&quot;post_tag&quot;:&quot;&quot;},&quot;readTime&quot;:{&quot;min&quot;:0,&quot;sec&quot;:12},&quot;status&quot;:&quot;publish&quot;,&quot;content&quot;:&quot;C\\u00f2pia del llibre de la Di\\u00f2cesi de Monterrey. En Pere d&#039;Albern\\u00ed es troba enterrat a la Missi\\u00f3 de San Carlos de Monterrey. Agra\\u00efm l&#039;ajut de&quot;}]\t<\/pre>\n\n\t\t\t\t<div class='apbLoadingPlaceholder' id='apbLoadingPlaceholder-2'>\n\t\t\t\t\t\t\t\t\t\t<div class='apbGridPosts columns-4 columns-tablet-2 columns-mobile-1'>\n\t\t\t\t\t\t\t<article class='apbPost'>\n\t\t\t<span class='apbLoadingItem apbThumb'><\/span>\n\t\t\t\n\t\t\t<div class='apbText'>\n\t\t\t\t<div class='apbTitle'>\n\t\t\t\t\t<span class='apbLoadingItem'><\/span>\n\t\t\t\t\t<span class='apbLoadingItem'><\/span>\n\t\t\t\t<\/div>\n\t\t\t\t<div class='apbMeta'>\n\t\t\t\t\t<span class='apbLoadingItem'><\/span>\n\t\t\t\t<\/div>\n\t\t\t\t<div class='apbExcerpt'>\n\t\t\t\t\t<span class='apbLoadingItem'><\/span>\n\t\t\t\t\t<span class='apbLoadingItem'><\/span>\n\t\t\t\t\t<span class='apbLoadingItem'><\/span>\n\t\t\t\t\t<span class='apbLoadingItem'><\/span>\n\t\t\t\t<\/div>\n\t\t\t\t<div class='apbReadMore'>\n\t\t\t\t\t<span class='apbLoadingItem'><\/span>\n\t\t\t\t<\/div>\n\t\t\t<\/div>\n\t\t<\/article><article class='apbPost'>\n\t\t\t<span class='apbLoadingItem apbThumb'><\/span>\n\t\t\t\n\t\t\t<div class='apbText'>\n\t\t\t\t<div class='apbTitle'>\n\t\t\t\t\t<span class='apbLoadingItem'><\/span>\n\t\t\t\t\t<span class='apbLoadingItem'><\/span>\n\t\t\t\t<\/div>\n\t\t\t\t<div class='apbMeta'>\n\t\t\t\t\t<span class='apbLoadingItem'><\/span>\n\t\t\t\t<\/div>\n\t\t\t\t<div class='apbExcerpt'>\n\t\t\t\t\t<span class='apbLoadingItem'><\/span>\n\t\t\t\t\t<span class='apbLoadingItem'><\/span>\n\t\t\t\t\t<span class='apbLoadingItem'><\/span>\n\t\t\t\t\t<span class='apbLoadingItem'><\/span>\n\t\t\t\t<\/div>\n\t\t\t\t<div class='apbReadMore'>\n\t\t\t\t\t<span class='apbLoadingItem'><\/span>\n\t\t\t\t<\/div>\n\t\t\t<\/div>\n\t\t<\/article><article class='apbPost'>\n\t\t\t<span class='apbLoadingItem apbThumb'><\/span>\n\t\t\t\n\t\t\t<div class='apbText'>\n\t\t\t\t<div class='apbTitle'>\n\t\t\t\t\t<span class='apbLoadingItem'><\/span>\n\t\t\t\t\t<span class='apbLoadingItem'><\/span>\n\t\t\t\t<\/div>\n\t\t\t\t<div class='apbMeta'>\n\t\t\t\t\t<span class='apbLoadingItem'><\/span>\n\t\t\t\t<\/div>\n\t\t\t\t<div class='apbExcerpt'>\n\t\t\t\t\t<span class='apbLoadingItem'><\/span>\n\t\t\t\t\t<span class='apbLoadingItem'><\/span>\n\t\t\t\t\t<span class='apbLoadingItem'><\/span>\n\t\t\t\t\t<span class='apbLoadingItem'><\/span>\n\t\t\t\t<\/div>\n\t\t\t\t<div class='apbReadMore'>\n\t\t\t\t\t<span class='apbLoadingItem'><\/span>\n\t\t\t\t<\/div>\n\t\t\t<\/div>\n\t\t<\/article><article class='apbPost'>\n\t\t\t<span class='apbLoadingItem apbThumb'><\/span>\n\t\t\t\n\t\t\t<div class='apbText'>\n\t\t\t\t<div class='apbTitle'>\n\t\t\t\t\t<span class='apbLoadingItem'><\/span>\n\t\t\t\t\t<span class='apbLoadingItem'><\/span>\n\t\t\t\t<\/div>\n\t\t\t\t<div class='apbMeta'>\n\t\t\t\t\t<span class='apbLoadingItem'><\/span>\n\t\t\t\t<\/div>\n\t\t\t\t<div class='apbExcerpt'>\n\t\t\t\t\t<span class='apbLoadingItem'><\/span>\n\t\t\t\t\t<span class='apbLoadingItem'><\/span>\n\t\t\t\t\t<span class='apbLoadingItem'><\/span>\n\t\t\t\t\t<span class='apbLoadingItem'><\/span>\n\t\t\t\t<\/div>\n\t\t\t\t<div class='apbReadMore'>\n\t\t\t\t\t<span class='apbLoadingItem'><\/span>\n\t\t\t\t<\/div>\n\t\t\t<\/div>\n\t\t<\/article><article class='apbPost'>\n\t\t\t<span class='apbLoadingItem apbThumb'><\/span>\n\t\t\t\n\t\t\t<div class='apbText'>\n\t\t\t\t<div class='apbTitle'>\n\t\t\t\t\t<span class='apbLoadingItem'><\/span>\n\t\t\t\t\t<span class='apbLoadingItem'><\/span>\n\t\t\t\t<\/div>\n\t\t\t\t<div class='apbMeta'>\n\t\t\t\t\t<span class='apbLoadingItem'><\/span>\n\t\t\t\t<\/div>\n\t\t\t\t<div class='apbExcerpt'>\n\t\t\t\t\t<span class='apbLoadingItem'><\/span>\n\t\t\t\t\t<span class='apbLoadingItem'><\/span>\n\t\t\t\t\t<span class='apbLoadingItem'><\/span>\n\t\t\t\t\t<span class='apbLoadingItem'><\/span>\n\t\t\t\t<\/div>\n\t\t\t\t<div class='apbReadMore'>\n\t\t\t\t\t<span class='apbLoadingItem'><\/span>\n\t\t\t\t<\/div>\n\t\t\t<\/div>\n\t\t<\/article><article class='apbPost'>\n\t\t\t<span class='apbLoadingItem apbThumb'><\/span>\n\t\t\t\n\t\t\t<div class='apbText'>\n\t\t\t\t<div class='apbTitle'>\n\t\t\t\t\t<span class='apbLoadingItem'><\/span>\n\t\t\t\t\t<span class='apbLoadingItem'><\/span>\n\t\t\t\t<\/div>\n\t\t\t\t<div class='apbMeta'>\n\t\t\t\t\t<span class='apbLoadingItem'><\/span>\n\t\t\t\t<\/div>\n\t\t\t\t<div class='apbExcerpt'>\n\t\t\t\t\t<span class='apbLoadingItem'><\/span>\n\t\t\t\t\t<span class='apbLoadingItem'><\/span>\n\t\t\t\t\t<span class='apbLoadingItem'><\/span>\n\t\t\t\t\t<span class='apbLoadingItem'><\/span>\n\t\t\t\t<\/div>\n\t\t\t\t<div class='apbReadMore'>\n\t\t\t\t\t<span class='apbLoadingItem'><\/span>\n\t\t\t\t<\/div>\n\t\t\t<\/div>\n\t\t<\/article><article class='apbPost'>\n\t\t\t<span class='apbLoadingItem apbThumb'><\/span>\n\t\t\t\n\t\t\t<div class='apbText'>\n\t\t\t\t<div class='apbTitle'>\n\t\t\t\t\t<span class='apbLoadingItem'><\/span>\n\t\t\t\t\t<span class='apbLoadingItem'><\/span>\n\t\t\t\t<\/div>\n\t\t\t\t<div class='apbMeta'>\n\t\t\t\t\t<span class='apbLoadingItem'><\/span>\n\t\t\t\t<\/div>\n\t\t\t\t<div class='apbExcerpt'>\n\t\t\t\t\t<span class='apbLoadingItem'><\/span>\n\t\t\t\t\t<span class='apbLoadingItem'><\/span>\n\t\t\t\t\t<span class='apbLoadingItem'><\/span>\n\t\t\t\t\t<span class='apbLoadingItem'><\/span>\n\t\t\t\t<\/div>\n\t\t\t\t<div class='apbReadMore'>\n\t\t\t\t\t<span class='apbLoadingItem'><\/span>\n\t\t\t\t<\/div>\n\t\t\t<\/div>\n\t\t<\/article><article class='apbPost'>\n\t\t\t<span class='apbLoadingItem apbThumb'><\/span>\n\t\t\t\n\t\t\t<div class='apbText'>\n\t\t\t\t<div class='apbTitle'>\n\t\t\t\t\t<span class='apbLoadingItem'><\/span>\n\t\t\t\t\t<span class='apbLoadingItem'><\/span>\n\t\t\t\t<\/div>\n\t\t\t\t<div class='apbMeta'>\n\t\t\t\t\t<span class='apbLoadingItem'><\/span>\n\t\t\t\t<\/div>\n\t\t\t\t<div class='apbExcerpt'>\n\t\t\t\t\t<span class='apbLoadingItem'><\/span>\n\t\t\t\t\t<span class='apbLoadingItem'><\/span>\n\t\t\t\t\t<span class='apbLoadingItem'><\/span>\n\t\t\t\t\t<span class='apbLoadingItem'><\/span>\n\t\t\t\t<\/div>\n\t\t\t\t<div class='apbReadMore'>\n\t\t\t\t\t<span class='apbLoadingItem'><\/span>\n\t\t\t\t<\/div>\n\t\t\t<\/div>\n\t\t<\/article><article class='apbPost'>\n\t\t\t<span class='apbLoadingItem apbThumb'><\/span>\n\t\t\t\n\t\t\t<div class='apbText'>\n\t\t\t\t<div class='apbTitle'>\n\t\t\t\t\t<span class='apbLoadingItem'><\/span>\n\t\t\t\t\t<span class='apbLoadingItem'><\/span>\n\t\t\t\t<\/div>\n\t\t\t\t<div class='apbMeta'>\n\t\t\t\t\t<span class='apbLoadingItem'><\/span>\n\t\t\t\t<\/div>\n\t\t\t\t<div class='apbExcerpt'>\n\t\t\t\t\t<span class='apbLoadingItem'><\/span>\n\t\t\t\t\t<span class='apbLoadingItem'><\/span>\n\t\t\t\t\t<span class='apbLoadingItem'><\/span>\n\t\t\t\t\t<span class='apbLoadingItem'><\/span>\n\t\t\t\t<\/div>\n\t\t\t\t<div class='apbReadMore'>\n\t\t\t\t\t<span class='apbLoadingItem'><\/span>\n\t\t\t\t<\/div>\n\t\t\t<\/div>\n\t\t<\/article><article class='apbPost'>\n\t\t\t<span class='apbLoadingItem apbThumb'><\/span>\n\t\t\t\n\t\t\t<div class='apbText'>\n\t\t\t\t<div class='apbTitle'>\n\t\t\t\t\t<span class='apbLoadingItem'><\/span>\n\t\t\t\t\t<span class='apbLoadingItem'><\/span>\n\t\t\t\t<\/div>\n\t\t\t\t<div class='apbMeta'>\n\t\t\t\t\t<span class='apbLoadingItem'><\/span>\n\t\t\t\t<\/div>\n\t\t\t\t<div class='apbExcerpt'>\n\t\t\t\t\t<span class='apbLoadingItem'><\/span>\n\t\t\t\t\t<span class='apbLoadingItem'><\/span>\n\t\t\t\t\t<span class='apbLoadingItem'><\/span>\n\t\t\t\t\t<span class='apbLoadingItem'><\/span>\n\t\t\t\t<\/div>\n\t\t\t\t<div class='apbReadMore'>\n\t\t\t\t\t<span class='apbLoadingItem'><\/span>\n\t\t\t\t<\/div>\n\t\t\t<\/div>\n\t\t<\/article><article class='apbPost'>\n\t\t\t<span class='apbLoadingItem apbThumb'><\/span>\n\t\t\t\n\t\t\t<div class='apbText'>\n\t\t\t\t<div class='apbTitle'>\n\t\t\t\t\t<span class='apbLoadingItem'><\/span>\n\t\t\t\t\t<span class='apbLoadingItem'><\/span>\n\t\t\t\t<\/div>\n\t\t\t\t<div class='apbMeta'>\n\t\t\t\t\t<span class='apbLoadingItem'><\/span>\n\t\t\t\t<\/div>\n\t\t\t\t<div class='apbExcerpt'>\n\t\t\t\t\t<span class='apbLoadingItem'><\/span>\n\t\t\t\t\t<span class='apbLoadingItem'><\/span>\n\t\t\t\t\t<span class='apbLoadingItem'><\/span>\n\t\t\t\t\t<span class='apbLoadingItem'><\/span>\n\t\t\t\t<\/div>\n\t\t\t\t<div class='apbReadMore'>\n\t\t\t\t\t<span class='apbLoadingItem'><\/span>\n\t\t\t\t<\/div>\n\t\t\t<\/div>\n\t\t<\/article><article class='apbPost'>\n\t\t\t<span class='apbLoadingItem apbThumb'><\/span>\n\t\t\t\n\t\t\t<div class='apbText'>\n\t\t\t\t<div class='apbTitle'>\n\t\t\t\t\t<span class='apbLoadingItem'><\/span>\n\t\t\t\t\t<span class='apbLoadingItem'><\/span>\n\t\t\t\t<\/div>\n\t\t\t\t<div class='apbMeta'>\n\t\t\t\t\t<span class='apbLoadingItem'><\/span>\n\t\t\t\t<\/div>\n\t\t\t\t<div class='apbExcerpt'>\n\t\t\t\t\t<span class='apbLoadingItem'><\/span>\n\t\t\t\t\t<span class='apbLoadingItem'><\/span>\n\t\t\t\t\t<span class='apbLoadingItem'><\/span>\n\t\t\t\t\t<span class='apbLoadingItem'><\/span>\n\t\t\t\t<\/div>\n\t\t\t\t<div class='apbReadMore'>\n\t\t\t\t\t<span class='apbLoadingItem'><\/span>\n\t\t\t\t<\/div>\n\t\t\t<\/div>\n\t\t<\/article><article class='apbPost'>\n\t\t\t<span class='apbLoadingItem apbThumb'><\/span>\n\t\t\t\n\t\t\t<div class='apbText'>\n\t\t\t\t<div class='apbTitle'>\n\t\t\t\t\t<span class='apbLoadingItem'><\/span>\n\t\t\t\t\t<span class='apbLoadingItem'><\/span>\n\t\t\t\t<\/div>\n\t\t\t\t<div class='apbMeta'>\n\t\t\t\t\t<span class='apbLoadingItem'><\/span>\n\t\t\t\t<\/div>\n\t\t\t\t<div class='apbExcerpt'>\n\t\t\t\t\t<span class='apbLoadingItem'><\/span>\n\t\t\t\t\t<span class='apbLoadingItem'><\/span>\n\t\t\t\t\t<span class='apbLoadingItem'><\/span>\n\t\t\t\t\t<span class='apbLoadingItem'><\/span>\n\t\t\t\t<\/div>\n\t\t\t\t<div class='apbReadMore'>\n\t\t\t\t\t<span class='apbLoadingItem'><\/span>\n\t\t\t\t<\/div>\n\t\t\t<\/div>\n\t\t<\/article><article class='apbPost'>\n\t\t\t<span class='apbLoadingItem apbThumb'><\/span>\n\t\t\t\n\t\t\t<div class='apbText'>\n\t\t\t\t<div class='apbTitle'>\n\t\t\t\t\t<span class='apbLoadingItem'><\/span>\n\t\t\t\t\t<span class='apbLoadingItem'><\/span>\n\t\t\t\t<\/div>\n\t\t\t\t<div class='apbMeta'>\n\t\t\t\t\t<span class='apbLoadingItem'><\/span>\n\t\t\t\t<\/div>\n\t\t\t\t<div class='apbExcerpt'>\n\t\t\t\t\t<span class='apbLoadingItem'><\/span>\n\t\t\t\t\t<span class='apbLoadingItem'><\/span>\n\t\t\t\t\t<span class='apbLoadingItem'><\/span>\n\t\t\t\t\t<span class='apbLoadingItem'><\/span>\n\t\t\t\t<\/div>\n\t\t\t\t<div class='apbReadMore'>\n\t\t\t\t\t<span class='apbLoadingItem'><\/span>\n\t\t\t\t<\/div>\n\t\t\t<\/div>\n\t\t<\/article><article class='apbPost'>\n\t\t\t<span class='apbLoadingItem apbThumb'><\/span>\n\t\t\t\n\t\t\t<div class='apbText'>\n\t\t\t\t<div class='apbTitle'>\n\t\t\t\t\t<span class='apbLoadingItem'><\/span>\n\t\t\t\t\t<span class='apbLoadingItem'><\/span>\n\t\t\t\t<\/div>\n\t\t\t\t<div class='apbMeta'>\n\t\t\t\t\t<span class='apbLoadingItem'><\/span>\n\t\t\t\t<\/div>\n\t\t\t\t<div class='apbExcerpt'>\n\t\t\t\t\t<span class='apbLoadingItem'><\/span>\n\t\t\t\t\t<span class='apbLoadingItem'><\/span>\n\t\t\t\t\t<span class='apbLoadingItem'><\/span>\n\t\t\t\t\t<span class='apbLoadingItem'><\/span>\n\t\t\t\t<\/div>\n\t\t\t\t<div class='apbReadMore'>\n\t\t\t\t\t<span class='apbLoadingItem'><\/span>\n\t\t\t\t<\/div>\n\t\t\t<\/div>\n\t\t<\/article><article class='apbPost'>\n\t\t\t<span class='apbLoadingItem apbThumb'><\/span>\n\t\t\t\n\t\t\t<div class='apbText'>\n\t\t\t\t<div class='apbTitle'>\n\t\t\t\t\t<span class='apbLoadingItem'><\/span>\n\t\t\t\t\t<span class='apbLoadingItem'><\/span>\n\t\t\t\t<\/div>\n\t\t\t\t<div class='apbMeta'>\n\t\t\t\t\t<span class='apbLoadingItem'><\/span>\n\t\t\t\t<\/div>\n\t\t\t\t<div class='apbExcerpt'>\n\t\t\t\t\t<span class='apbLoadingItem'><\/span>\n\t\t\t\t\t<span class='apbLoadingItem'><\/span>\n\t\t\t\t\t<span class='apbLoadingItem'><\/span>\n\t\t\t\t\t<span class='apbLoadingItem'><\/span>\n\t\t\t\t<\/div>\n\t\t\t\t<div class='apbReadMore'>\n\t\t\t\t\t<span class='apbLoadingItem'><\/span>\n\t\t\t\t<\/div>\n\t\t\t<\/div>\n\t\t<\/article><article class='apbPost'>\n\t\t\t<span class='apbLoadingItem apbThumb'><\/span>\n\t\t\t\n\t\t\t<div class='apbText'>\n\t\t\t\t<div class='apbTitle'>\n\t\t\t\t\t<span class='apbLoadingItem'><\/span>\n\t\t\t\t\t<span class='apbLoadingItem'><\/span>\n\t\t\t\t<\/div>\n\t\t\t\t<div class='apbMeta'>\n\t\t\t\t\t<span class='apbLoadingItem'><\/span>\n\t\t\t\t<\/div>\n\t\t\t\t<div class='apbExcerpt'>\n\t\t\t\t\t<span class='apbLoadingItem'><\/span>\n\t\t\t\t\t<span class='apbLoadingItem'><\/span>\n\t\t\t\t\t<span class='apbLoadingItem'><\/span>\n\t\t\t\t\t<span class='apbLoadingItem'><\/span>\n\t\t\t\t<\/div>\n\t\t\t\t<div class='apbReadMore'>\n\t\t\t\t\t<span class='apbLoadingItem'><\/span>\n\t\t\t\t<\/div>\n\t\t\t<\/div>\n\t\t<\/article><article class='apbPost'>\n\t\t\t<span class='apbLoadingItem apbThumb'><\/span>\n\t\t\t\n\t\t\t<div class='apbText'>\n\t\t\t\t<div class='apbTitle'>\n\t\t\t\t\t<span class='apbLoadingItem'><\/span>\n\t\t\t\t\t<span class='apbLoadingItem'><\/span>\n\t\t\t\t<\/div>\n\t\t\t\t<div class='apbMeta'>\n\t\t\t\t\t<span class='apbLoadingItem'><\/span>\n\t\t\t\t<\/div>\n\t\t\t\t<div class='apbExcerpt'>\n\t\t\t\t\t<span class='apbLoadingItem'><\/span>\n\t\t\t\t\t<span class='apbLoadingItem'><\/span>\n\t\t\t\t\t<span class='apbLoadingItem'><\/span>\n\t\t\t\t\t<span class='apbLoadingItem'><\/span>\n\t\t\t\t<\/div>\n\t\t\t\t<div class='apbReadMore'>\n\t\t\t\t\t<span class='apbLoadingItem'><\/span>\n\t\t\t\t<\/div>\n\t\t\t<\/div>\n\t\t<\/article><article class='apbPost'>\n\t\t\t<span class='apbLoadingItem apbThumb'><\/span>\n\t\t\t\n\t\t\t<div class='apbText'>\n\t\t\t\t<div class='apbTitle'>\n\t\t\t\t\t<span class='apbLoadingItem'><\/span>\n\t\t\t\t\t<span class='apbLoadingItem'><\/span>\n\t\t\t\t<\/div>\n\t\t\t\t<div class='apbMeta'>\n\t\t\t\t\t<span class='apbLoadingItem'><\/span>\n\t\t\t\t<\/div>\n\t\t\t\t<div class='apbExcerpt'>\n\t\t\t\t\t<span class='apbLoadingItem'><\/span>\n\t\t\t\t\t<span class='apbLoadingItem'><\/span>\n\t\t\t\t\t<span class='apbLoadingItem'><\/span>\n\t\t\t\t\t<span class='apbLoadingItem'><\/span>\n\t\t\t\t<\/div>\n\t\t\t\t<div class='apbReadMore'>\n\t\t\t\t\t<span class='apbLoadingItem'><\/span>\n\t\t\t\t<\/div>\n\t\t\t<\/div>\n\t\t<\/article><article class='apbPost'>\n\t\t\t<span class='apbLoadingItem apbThumb'><\/span>\n\t\t\t\n\t\t\t<div class='apbText'>\n\t\t\t\t<div class='apbTitle'>\n\t\t\t\t\t<span class='apbLoadingItem'><\/span>\n\t\t\t\t\t<span class='apbLoadingItem'><\/span>\n\t\t\t\t<\/div>\n\t\t\t\t<div class='apbMeta'>\n\t\t\t\t\t<span class='apbLoadingItem'><\/span>\n\t\t\t\t<\/div>\n\t\t\t\t<div class='apbExcerpt'>\n\t\t\t\t\t<span class='apbLoadingItem'><\/span>\n\t\t\t\t\t<span class='apbLoadingItem'><\/span>\n\t\t\t\t\t<span class='apbLoadingItem'><\/span>\n\t\t\t\t\t<span class='apbLoadingItem'><\/span>\n\t\t\t\t<\/div>\n\t\t\t\t<div class='apbReadMore'>\n\t\t\t\t\t<span class='apbLoadingItem'><\/span>\n\t\t\t\t<\/div>\n\t\t\t<\/div>\n\t\t<\/article><article class='apbPost'>\n\t\t\t<span class='apbLoadingItem apbThumb'><\/span>\n\t\t\t\n\t\t\t<div class='apbText'>\n\t\t\t\t<div class='apbTitle'>\n\t\t\t\t\t<span class='apbLoadingItem'><\/span>\n\t\t\t\t\t<span class='apbLoadingItem'><\/span>\n\t\t\t\t<\/div>\n\t\t\t\t<div class='apbMeta'>\n\t\t\t\t\t<span class='apbLoadingItem'><\/span>\n\t\t\t\t<\/div>\n\t\t\t\t<div class='apbExcerpt'>\n\t\t\t\t\t<span class='apbLoadingItem'><\/span>\n\t\t\t\t\t<span class='apbLoadingItem'><\/span>\n\t\t\t\t\t<span class='apbLoadingItem'><\/span>\n\t\t\t\t\t<span class='apbLoadingItem'><\/span>\n\t\t\t\t<\/div>\n\t\t\t\t<div class='apbReadMore'>\n\t\t\t\t\t<span class='apbLoadingItem'><\/span>\n\t\t\t\t<\/div>\n\t\t\t<\/div>\n\t\t<\/article><article class='apbPost'>\n\t\t\t<span class='apbLoadingItem apbThumb'><\/span>\n\t\t\t\n\t\t\t<div class='apbText'>\n\t\t\t\t<div class='apbTitle'>\n\t\t\t\t\t<span class='apbLoadingItem'><\/span>\n\t\t\t\t\t<span class='apbLoadingItem'><\/span>\n\t\t\t\t<\/div>\n\t\t\t\t<div class='apbMeta'>\n\t\t\t\t\t<span class='apbLoadingItem'><\/span>\n\t\t\t\t<\/div>\n\t\t\t\t<div class='apbExcerpt'>\n\t\t\t\t\t<span class='apbLoadingItem'><\/span>\n\t\t\t\t\t<span class='apbLoadingItem'><\/span>\n\t\t\t\t\t<span class='apbLoadingItem'><\/span>\n\t\t\t\t\t<span class='apbLoadingItem'><\/span>\n\t\t\t\t<\/div>\n\t\t\t\t<div class='apbReadMore'>\n\t\t\t\t\t<span class='apbLoadingItem'><\/span>\n\t\t\t\t<\/div>\n\t\t\t<\/div>\n\t\t<\/article>\t\t\t\t\t\t<\/div>\n\t\t\t\t\t\t\t\t<\/div>\n\t\t<\/div>\n\n\n<h2 class=\"wp-block-heading\">Celebraci\u00f3 del 200 aniversari de la<a href=\"https:\/\/www.casalcatala.ca\/ca\/catalans-a-la-british-columbia\/celebracio-200-aniversari-mort-pere-dalberni-167.html\"> <\/a>mort d&#8217;en Pere d&#8217;Albern\u00ed<\/h2>\n\n\n\n<p>La celebraci\u00f3 del 200 aniversari de la mort d&#8217;en Pere d&#8217;Albern\u00ed va tenir el seu acte m\u00e9s destacat a Vancouver Museum. All\u00ed l&#8217;Angelina Mir\u00f3 va donar una confer\u00e8ncia sobre la vida i la mort d&#8217;en Pere d&#8217;Albern\u00ed.<\/p>\n\n\n\n<p><a href=\"https:\/\/casalcatala.ca\/CAT\/2025\/02\/05\/an-homage-to-the-life-of-pere-alberni-celebration-at-the-vancouver-museum\/\">Transcripci\u00f3 de la confer\u00e8ncia&nbsp;<\/a>donada per l&#8217;Angelia Mir\u00f3 el 9 de Mar\u00e7 del 2002.<\/p>\n\n\n\n<p><a href=\"https:\/\/casalcatala.ca\/CAT\/2025\/02\/05\/proclamacio-pere-dalberni-day\/\">Proclamaci\u00f3<\/a>&nbsp;del dia 11 de Mar\u00e7 del 2002 com el dia d&#8217;en Pere d&#8217;Albern\u00ed<\/p>\n\n\n\n<p>Fotografies de l&#8217;acte del dia 9 de Mar\u00e7 del 2002 al Vancouver Museum:<\/p>\n\n\n\n<h3 class=\"wp-block-heading\">Participants<\/h3>\n\n\n\n<ul class=\"wp-block-list\">\n<li>Angelina Mir\u00f3, vocal de Relacions Exteriors del Casal Catal\u00e0 de Vancouver i Presidenta de la Comissi\u00f3 organitzadora de l&#8217;homenatge en Pere d&#8217;Albern\u00ed.<\/li>\n\n\n\n<li>Robin Inglis, President of the Instituto de Historia del Pacifico Espanol.<\/li>\n\n\n\n<li>Rene Chartrand, historiador militar i antic cap de Direction des lieux historiques nationaux del Govern del Canad\u00e0.<\/li>\n\n\n\n<li>Ken Stewart, MLA Maple Ridge-Pitt Meadows.<\/li>\n<\/ul>\n\n\n\n<h2 class=\"wp-block-heading\">Exposici\u00f3 &#8216;British Columbia &amp; Catalonia. A friendship between Maquinna and Alberni&#8217;<\/h2>\n\n\n\n<p>Durant el mes de setembre del 1988 s&#8217;ha exhibit a la ciutat de Maple Ridge, B.C., una exposici\u00f3 titulada British Columbia &amp; Catalonia &#8211; A Friendship Between Maquinna and Albern\u00ed. L&#8217;objectiu de la qual ha estat donar a con\u00e8ixer als canadencs, els lligams hist\u00f2rics entre aquests dos indrets, tot aprofitant el mes de setembre en el que els catalans celebrem la nostra Diada Nacional.<\/p>\n\n\n\n<p>Una petita biografia d&#8217;en Pere d&#8217;Albern\u00ed ha estat l&#8217;eix central de l&#8217;exposici\u00f3, destacant els seus fets m\u00e9s importants a la British Columbia. En Pere d&#8217;Albern\u00ed va ser Comandant del primer Fort a Nootka Sound. La seva amistat amb el Cap dels nadius de Nootka, Maquinna, va portar a compondre la lletra d&#8217;una can\u00e7\u00f3 dedicada a ell. D&#8217;Alvern\u00ed va ser el primer en conrear un hort en aquestes terres. Tamb\u00e9 va recollir paraules nadiues i la seva equival\u00e8ncia a la llengua castellana.<\/p>\n\n\n\n<p><\/p>\n\n\n\n<div class=\"alignnormal\"><div id=\"metaslider-id-313\" style=\"width: 100%;\" class=\"ml-slider-3-106-0 metaslider metaslider-flex metaslider-313 ml-slider has-dots-nav ms-theme-default-base\" role=\"region\" aria-label=\"expo_pere_alberni\" data-height=\"250\" data-width=\"400\">\n    <div id=\"metaslider_container_313\">\n        <div id=\"metaslider_313\">\n            <ul class='slides'>\n                <li style=\"display: block; width: 100%;\" class=\"slide-318 ms-image \" aria-roledescription=\"slide\" data-date=\"2025-02-05 07:50:36\" data-filename=\"exp_1-400x250.jpg\" data-slide-type=\"image\"><img loading=\"lazy\" decoding=\"async\" src=\"https:\/\/casalcatala.ca\/CAT\/wp-content\/uploads\/2025\/02\/exp_1-400x250.jpg\" height=\"250\" width=\"400\" alt=\"\" class=\"slider-313 slide-318 msDefaultImage\" title=\"exp_1\" \/><\/li>\n                <li style=\"display: none; width: 100%;\" class=\"slide-319 ms-image \" aria-roledescription=\"slide\" data-date=\"2025-02-05 07:50:36\" data-filename=\"exp_2-400x250.jpg\" data-slide-type=\"image\"><img loading=\"lazy\" decoding=\"async\" src=\"https:\/\/casalcatala.ca\/CAT\/wp-content\/uploads\/2025\/02\/exp_2-400x250.jpg\" height=\"250\" width=\"400\" alt=\"\" class=\"slider-313 slide-319 msDefaultImage\" title=\"exp_2\" \/><\/li>\n                <li style=\"display: none; width: 100%;\" class=\"slide-320 ms-image \" aria-roledescription=\"slide\" data-date=\"2025-02-05 07:50:36\" data-filename=\"exp_3-400x250.jpg\" data-slide-type=\"image\"><img loading=\"lazy\" decoding=\"async\" src=\"https:\/\/casalcatala.ca\/CAT\/wp-content\/uploads\/2025\/02\/exp_3-400x250.jpg\" height=\"250\" width=\"400\" alt=\"\" class=\"slider-313 slide-320 msDefaultImage\" title=\"exp_3\" \/><\/li>\n            <\/ul>\n        <\/div>\n        \n    <\/div>\n<\/div><\/div>\n\n\n\n<p>Una altra secci\u00f3 de l&#8217;exposici\u00f3 ha estat dedicada a fer un petit rep\u00e0s a la hist\u00f2ria de la ciutat de Barcelona, seu de la Companyia dels Voluntaris de Catalunya de la qual ell en va ser Capit\u00e0, una petita hist\u00f2ria de la seva ciutat natal, Tortosa, i una petita hist\u00f2ria de la ciutat que porta el nom d&#8217;en Pere d&#8217;Albern\u00ed, Port Alberni. Acompanyant a tot aix\u00f2 una cronologia dels viatges dels castellans a la B.C.<\/p>\n\n\n\n<p>S&#8217;han exposat tamb\u00e9: el retrat del Cap Maquinna, del Fort Espanyol i el lloc on es trobava enclavat, mostrant una m\u00e0scara de Nootka i altres materials de les nacions de la costa del nord oest del Pacific. Tot aix\u00f2 acompanyat de fotografies i les banderes de la British Columbia i Catalunya.<\/p>\n\n\n\n<div class=\"alignnormal\"><div id=\"metaslider-id-323\" style=\"max-width: 400px;\" class=\"ml-slider-3-106-0 metaslider metaslider-flex metaslider-323 ml-slider has-dots-nav ms-theme-default-base\" role=\"region\" aria-label=\"expo-pere-alberni-2\" data-height=\"600\" data-width=\"400\">\n    <div id=\"metaslider_container_323\">\n        <div id=\"metaslider_323\">\n            <ul class='slides'>\n                <li style=\"display: block; width: 100%;\" class=\"slide-327 ms-image \" aria-roledescription=\"slide\" data-date=\"2025-02-05 07:51:36\" data-filename=\"exp_7-272x407.jpg\" data-slide-type=\"image\"><img loading=\"lazy\" decoding=\"async\" src=\"https:\/\/casalcatala.ca\/CAT\/wp-content\/uploads\/2025\/02\/exp_7-272x407.jpg\" height=\"600\" width=\"400\" alt=\"\" class=\"slider-323 slide-327 msDefaultImage\" title=\"exp_7\" \/><\/li>\n                <li style=\"display: none; width: 100%;\" class=\"slide-328 ms-image \" aria-roledescription=\"slide\" data-date=\"2025-02-05 07:51:36\" data-filename=\"exp_6-275x413.jpg\" data-slide-type=\"image\"><img loading=\"lazy\" decoding=\"async\" src=\"https:\/\/casalcatala.ca\/CAT\/wp-content\/uploads\/2025\/02\/exp_6-275x413.jpg\" height=\"600\" width=\"400\" alt=\"\" class=\"slider-323 slide-328 msDefaultImage\" title=\"exp_6\" \/><\/li>\n                <li style=\"display: none; width: 100%;\" class=\"slide-329 ms-image \" aria-roledescription=\"slide\" data-date=\"2025-02-05 07:51:36\" data-filename=\"exp_5-255x382.jpg\" data-slide-type=\"image\"><img loading=\"lazy\" decoding=\"async\" src=\"https:\/\/casalcatala.ca\/CAT\/wp-content\/uploads\/2025\/02\/exp_5-255x382.jpg\" height=\"600\" width=\"400\" alt=\"\" class=\"slider-323 slide-329 msDefaultImage\" title=\"exp_5\" \/><\/li>\n                <li style=\"display: none; width: 100%;\" class=\"slide-331 ms-image \" aria-roledescription=\"slide\" data-date=\"2025-02-05 07:54:27\" data-filename=\"exp_4-275x413.jpg\" data-slide-type=\"image\"><img loading=\"lazy\" decoding=\"async\" src=\"https:\/\/casalcatala.ca\/CAT\/wp-content\/uploads\/2025\/02\/exp_4-275x413.jpg\" height=\"600\" width=\"400\" alt=\"\" class=\"slider-323 slide-331 msDefaultImage\" title=\"exp_4\" \/><\/li>\n            <\/ul>\n        <\/div>\n        \n    <\/div>\n<\/div><\/div>\n\n\n\n<p>Aquesta exposici\u00f3 s&#8217;ha organitzat com a pre\u00e0mbul del bicentenari de la mort del Capit\u00e0 Pere d&#8217;Albern\u00ed. La bona acollida per part dels usuaris de la biblioteca de Maple Ridge ens anima a presentar-la a Port Alberni potser dins d&#8217;un futur pr\u00f2xim, i juntament amb altre material, exposar-la l&#8217;any 2002 a Vancouver, a Port Alberni i a Nootka.<\/p>\n\n\n\n<p><em>Angelina Mir\u00f3<br>Coordinadora de la comissi\u00f3 del Bicentenari de la mort d&#8217;en Pere d&#8217;Albern\u00ed<\/em><\/p>\n","protected":false},"excerpt":{"rendered":"<p>A partir del s XVIII hi ha documentada una forta pres\u00e8ncia de catalans, tant del Principat com de les Illes i Pa\u00eds Valenci\u00e0 en el Pacific North West, que es&hellip;<\/p>\n","protected":false},"author":1,"featured_media":0,"parent":0,"menu_order":0,"comment_status":"closed","ping_status":"closed","template":"","meta":{"footnotes":""},"class_list":["post-147","page","type-page","status-publish","hentry"],"_links":{"self":[{"href":"https:\/\/casalcatala.ca\/CAT\/wp-json\/wp\/v2\/pages\/147","targetHints":{"allow":["GET"]}}],"collection":[{"href":"https:\/\/casalcatala.ca\/CAT\/wp-json\/wp\/v2\/pages"}],"about":[{"href":"https:\/\/casalcatala.ca\/CAT\/wp-json\/wp\/v2\/types\/page"}],"author":[{"embeddable":true,"href":"https:\/\/casalcatala.ca\/CAT\/wp-json\/wp\/v2\/users\/1"}],"replies":[{"embeddable":true,"href":"https:\/\/casalcatala.ca\/CAT\/wp-json\/wp\/v2\/comments?post=147"}],"version-history":[{"count":12,"href":"https:\/\/casalcatala.ca\/CAT\/wp-json\/wp\/v2\/pages\/147\/revisions"}],"predecessor-version":[{"id":330,"href":"https:\/\/casalcatala.ca\/CAT\/wp-json\/wp\/v2\/pages\/147\/revisions\/330"}],"wp:attachment":[{"href":"https:\/\/casalcatala.ca\/CAT\/wp-json\/wp\/v2\/media?parent=147"}],"curies":[{"name":"wp","href":"https:\/\/api.w.org\/{rel}","templated":true}]}}