{"id":76,"date":"2025-01-23T01:06:57","date_gmt":"2025-01-23T01:06:57","guid":{"rendered":"https:\/\/casalcatala.ca\/CAT\/?page_id=76"},"modified":"2025-01-30T06:24:18","modified_gmt":"2025-01-30T06:24:18","slug":"historia","status":"publish","type":"page","link":"https:\/\/casalcatala.ca\/CAT\/historia\/","title":{"rendered":"Historia del Casal"},"content":{"rendered":"\n<p>&nbsp;La nostra hist\u00f2ria va comen\u00e7ar en el 1968 quan un grup de catalans residents a la British Col\u00fambia van aplegar-se a la La Masia d&#8217;en Bartol\u00ed, a Mission, BC. Aquestes trobades es feien dos cops a l&#8217;any, pels volts del Sant Jordi i de l&#8217;Onze de Setembre.<\/p>\n\n\n\n<p>En el 1984 es va notificar a la Generalitat de Catalunya l&#8217;exist\u00e8ncia d&#8217;aquest grup de residents catalans, inscrivint-nos dins el cens d&#8217;entitats catalanes a l&#8217;exterior. En el 1989 es va escollir el nom de Casal Catal\u00e0 de la Columbia Brit\u00e0nica, tot escollint-se un coordinador i fent-se un cens dels catalans residents a BC.<\/p>\n\n\n\n<p>En el 1990 es va canviar el nom de Casal al d&#8217;Esbart Catal\u00e0 de Vancouver, BC. Despr\u00e9s de l&#8217;Assemblea General del 28 d&#8217;Abril de 1996 es va decidir retornar a la denominaci\u00f3 de Casal Catal\u00e0 de Vancouver.<\/p>\n\n\n\n<p>Amb data 19 de Febrer de 1997, el Casal \u00e9s una entitat incorporada i reconeguda pel Govern de la Columbia Brit\u00e0nica amb el nom de&nbsp;<strong>Casal Catal\u00e0 de Vancouver.<\/strong><\/p>\n\n\n\n<p>La primera Junta va ser escollida per primer cop a l&#8217;Abril del 1996 i reescollida el Maig de 1997 estava composada per:<\/p>\n\n\n\n<ul class=\"wp-block-list\">\n<li>Pere Roca, President<\/li>\n\n\n\n<li>Angel Calderer, Tresorer.<\/li>\n\n\n\n<li>Carles Roch-Cunill, Secretari.<\/li>\n\n\n\n<li>Angelina Mir\u00f3, vocal de relacions institucionals.<\/li>\n\n\n\n<li>Anna Maria Vi\u00f1es, vocal cultural.<\/li>\n<\/ul>\n\n\n\n<p>Durant tot aquest temps hem anat publicant regularment el nostre butllet\u00ed amb una freq\u00fc\u00e8ncia de tres exemplars per any. Aix\u00ed mateix hem anat fent diverses activitats que inclouen aplecs, torronades, exhibicions culturals i l&#8217;organitzaci\u00f3 del bicentenari de la mort d&#8217;en Pere d&#8217;Albern\u00ed, qui es pot considerar en certa manera com el primer governador del que avui \u00e9s la British Columbia. El Casal va aconseguir que el govern de la Prov\u00edncia de la British Columbia proclam\u00e9s el dia 11 de Mar\u00e7 de 2002 com el dia de Pere d&#8217;Albern\u00ed.<\/p>\n\n\n\n<p>En reconeixement al paper jugat pels catalans com a uns dels primers europeus que varen visitar aquestes terres, el govern de la prov\u00edncia de la British Columbia va declarar l&#8217;Onze de Setembre de 1994 com a Catalan Heritage Day, tot convidant al President de la Generalitat de Catalunya a visitar la British Columbia.<\/p>\n\n\n\n<p>El web del Casal Catal\u00e0 de Vancouver va apar\u00e8ixer per primer cop el 1996, dues setmanes m\u00e9s tard que el del Casal del Pa\u00efsos Catalans de Toronto, que va ser la primera web d&#8217;un Casal Catal\u00e0 en apar\u00e8ixer a Canad\u00e0. Actualment el web dels amics de Toronto ja no existeix.<\/p>\n\n\n\n<p><\/p>\n","protected":false},"excerpt":{"rendered":"<p>&nbsp;La nostra hist\u00f2ria va comen\u00e7ar en el 1968 quan un grup de catalans residents a la British Col\u00fambia van aplegar-se a la La Masia d&#8217;en Bartol\u00ed, a Mission, BC. Aquestes&hellip;<\/p>\n","protected":false},"author":1,"featured_media":0,"parent":0,"menu_order":0,"comment_status":"closed","ping_status":"closed","template":"","meta":{"footnotes":""},"class_list":["post-76","page","type-page","status-publish","hentry"],"_links":{"self":[{"href":"https:\/\/casalcatala.ca\/CAT\/wp-json\/wp\/v2\/pages\/76","targetHints":{"allow":["GET"]}}],"collection":[{"href":"https:\/\/casalcatala.ca\/CAT\/wp-json\/wp\/v2\/pages"}],"about":[{"href":"https:\/\/casalcatala.ca\/CAT\/wp-json\/wp\/v2\/types\/page"}],"author":[{"embeddable":true,"href":"https:\/\/casalcatala.ca\/CAT\/wp-json\/wp\/v2\/users\/1"}],"replies":[{"embeddable":true,"href":"https:\/\/casalcatala.ca\/CAT\/wp-json\/wp\/v2\/comments?post=76"}],"version-history":[{"count":2,"href":"https:\/\/casalcatala.ca\/CAT\/wp-json\/wp\/v2\/pages\/76\/revisions"}],"predecessor-version":[{"id":129,"href":"https:\/\/casalcatala.ca\/CAT\/wp-json\/wp\/v2\/pages\/76\/revisions\/129"}],"wp:attachment":[{"href":"https:\/\/casalcatala.ca\/CAT\/wp-json\/wp\/v2\/media?parent=76"}],"curies":[{"name":"wp","href":"https:\/\/api.w.org\/{rel}","templated":true}]}}